{"id":661,"date":"2023-09-22T08:07:39","date_gmt":"2023-09-22T08:07:39","guid":{"rendered":"https:\/\/kirchenchor-vorst.de\/?page_id=661"},"modified":"2026-03-12T09:58:41","modified_gmt":"2026-03-12T09:58:41","slug":"ueber-uns","status":"publish","type":"page","link":"https:\/\/kirchenchor-vorst.de\/","title":{"rendered":"Startseite"},"content":{"rendered":"\t\t<div data-elementor-type=\"wp-page\" data-elementor-id=\"661\" class=\"elementor elementor-661\">\n\t\t\t\t<div class=\"elementor-element elementor-element-d1bb435 e-flex e-con-boxed e-con e-parent\" data-id=\"d1bb435\" data-element_type=\"container\">\n\t\t\t\t\t<div class=\"e-con-inner\">\n\t\t\t\t<div class=\"elementor-element elementor-element-8e3fcc4 elementor-widget-divider--view-line elementor-widget elementor-widget-divider\" data-id=\"8e3fcc4\" data-element_type=\"widget\" data-widget_type=\"divider.default\">\n\t\t\t\t<div class=\"elementor-widget-container\">\n\t\t\t\t\t\t\t<div class=\"elementor-divider\">\n\t\t\t<span class=\"elementor-divider-separator\">\n\t\t\t\t\t\t<\/span>\n\t\t<\/div>\n\t\t\t\t\t\t<\/div>\n\t\t\t\t<\/div>\n\t\t\t\t\t<\/div>\n\t\t\t\t<\/div>\n\t\t<div class=\"elementor-element elementor-element-0b26645 e-flex e-con-boxed e-con e-parent\" data-id=\"0b26645\" data-element_type=\"container\">\n\t\t\t\t\t<div class=\"e-con-inner\">\n\t\t\t\t<div class=\"elementor-element elementor-element-72604de elementor-widget elementor-widget-heading\" data-id=\"72604de\" data-element_type=\"widget\" data-widget_type=\"heading.default\">\n\t\t\t\t<div class=\"elementor-widget-container\">\n\t\t\t\t\t<h1 class=\"elementor-heading-title elementor-size-default\"><a href=\"https:\/\/kirchenchor-vorst.de\/?page_id=1782\">Neuigkeiten\n\n<\/a><\/h1>\t\t\t\t<\/div>\n\t\t\t\t<\/div>\n\t\t\t\t\t<\/div>\n\t\t\t\t<\/div>\n\t\t<div class=\"elementor-element elementor-element-94cb8ba e-flex e-con-boxed e-con e-parent\" data-id=\"94cb8ba\" data-element_type=\"container\">\n\t\t\t\t\t<div class=\"e-con-inner\">\n\t\t\t\t<div class=\"elementor-element elementor-element-619eb25 elementor-widget-divider--view-line elementor-widget elementor-widget-divider\" data-id=\"619eb25\" data-element_type=\"widget\" data-widget_type=\"divider.default\">\n\t\t\t\t<div class=\"elementor-widget-container\">\n\t\t\t\t\t\t\t<div class=\"elementor-divider\">\n\t\t\t<span class=\"elementor-divider-separator\">\n\t\t\t\t\t\t<\/span>\n\t\t<\/div>\n\t\t\t\t\t\t<\/div>\n\t\t\t\t<\/div>\n\t\t\t\t\t<\/div>\n\t\t\t\t<\/div>\n\t\t<div class=\"elementor-element elementor-element-df0e592 e-flex e-con-boxed e-con e-parent\" data-id=\"df0e592\" data-element_type=\"container\">\n\t\t\t\t\t<div class=\"e-con-inner\">\n\t\t\t\t<div class=\"elementor-element elementor-element-0a5f3f7 elementor-widget__width-initial elementor-widget elementor-widget-image\" data-id=\"0a5f3f7\" data-element_type=\"widget\" data-widget_type=\"image.default\">\n\t\t\t\t<div class=\"elementor-widget-container\">\n\t\t\t\t\t\t\t\t\t\t\t\t<figure class=\"wp-caption\">\n\t\t\t\t\t\t\t\t\t\t<img decoding=\"async\" width=\"150\" height=\"150\" src=\"https:\/\/kirchenchor-vorst.de\/wp-content\/uploads\/2025\/05\/Elena-150x150.jpg\" class=\"attachment-thumbnail size-thumbnail wp-image-2587\" alt=\"\" srcset=\"https:\/\/kirchenchor-vorst.de\/wp-content\/uploads\/2025\/05\/Elena-150x150.jpg 150w, https:\/\/kirchenchor-vorst.de\/wp-content\/uploads\/2025\/05\/Elena-100x100.jpg 100w\" sizes=\"(max-width: 150px) 100vw, 150px\" \/>\t\t\t\t\t\t\t\t\t\t\t<figcaption class=\"widget-image-caption wp-caption-text\">Da ab dem 1.Mai 2025 wieder unsere fr\u00fchere Chorleiterin - Frau Elena B\u00e4r - den Chor \u00fcbernimmt, finden die w\u00f6chentlichen Chorproben\u00a0 ab dem\u00a0 8. Mai 2025 wieder jeden Donnerstag\u00a0statt.<\/figcaption>\n\t\t\t\t\t\t\t\t\t\t<\/figure>\n\t\t\t\t\t\t\t\t\t<\/div>\n\t\t\t\t<\/div>\n\t\t\t\t\t<\/div>\n\t\t\t\t<\/div>\n\t\t<div class=\"elementor-element elementor-element-cd4d94a e-flex e-con-boxed e-con e-parent\" data-id=\"cd4d94a\" data-element_type=\"container\">\n\t\t\t\t\t<div class=\"e-con-inner\">\n\t\t\t\t<div class=\"elementor-element elementor-element-55edb85 elementor-widget-divider--view-line elementor-widget elementor-widget-divider\" data-id=\"55edb85\" data-element_type=\"widget\" data-widget_type=\"divider.default\">\n\t\t\t\t<div class=\"elementor-widget-container\">\n\t\t\t\t\t\t\t<div class=\"elementor-divider\">\n\t\t\t<span class=\"elementor-divider-separator\">\n\t\t\t\t\t\t<\/span>\n\t\t<\/div>\n\t\t\t\t\t\t<\/div>\n\t\t\t\t<\/div>\n\t\t\t\t\t<\/div>\n\t\t\t\t<\/div>\n\t\t<div class=\"elementor-element elementor-element-82c3eb6 e-flex e-con-boxed e-con e-parent\" data-id=\"82c3eb6\" data-element_type=\"container\">\n\t\t\t\t\t<div class=\"e-con-inner\">\n\t\t\t\t<div class=\"elementor-element elementor-element-66712a8 elementor-widget elementor-widget-heading\" data-id=\"66712a8\" data-element_type=\"widget\" data-widget_type=\"heading.default\">\n\t\t\t\t<div class=\"elementor-widget-container\">\n\t\t\t\t\t<h2 class=\"elementor-heading-title elementor-size-default\">Vorstand wurde best\u00e4tigt<\/h2>\t\t\t\t<\/div>\n\t\t\t\t<\/div>\n\t\t\t\t\t<\/div>\n\t\t\t\t<\/div>\n\t\t<div class=\"elementor-element elementor-element-f102472 e-flex e-con-boxed e-con e-parent\" data-id=\"f102472\" data-element_type=\"container\">\n\t\t\t\t\t<div class=\"e-con-inner\">\n\t\t\t\t<div class=\"elementor-element elementor-element-a5808eb elementor-widget elementor-widget-text-editor\" data-id=\"a5808eb\" data-element_type=\"widget\" data-widget_type=\"text-editor.default\">\n\t\t\t\t<div class=\"elementor-widget-container\">\n\t\t\t\t\t\t\t\t\t<p style=\"text-align: center;\">Bei der diesj\u00e4hrigen Jahreshauptversammlung des des Katholischen Kirchenchores St. C\u00e4cilia an St. Antonius Vorst e.V. am 19. M\u00e4rz 2025 wurde der Vorstand in seiner bisherigen Zusammensetzung best\u00e4tigt.<br \/>Lediglich Angela B\u00fcrger trat von ihrem Amt als Notenwartin zur\u00fcck und wurde durch Martha Brommann ersetzt, die ohne Gegenstimmung gew\u00e4hlt wurde.<\/p>\t\t\t\t\t\t\t\t<\/div>\n\t\t\t\t<\/div>\n\t\t\t\t\t<\/div>\n\t\t\t\t<\/div>\n\t\t<div class=\"elementor-element elementor-element-54fcb12 e-con-full e-flex e-con e-parent\" data-id=\"54fcb12\" data-element_type=\"container\">\n\t\t\t\t<div class=\"elementor-element elementor-element-100537f elementor-widget-divider--view-line elementor-widget elementor-widget-divider\" data-id=\"100537f\" data-element_type=\"widget\" data-widget_type=\"divider.default\">\n\t\t\t\t<div class=\"elementor-widget-container\">\n\t\t\t\t\t\t\t<div class=\"elementor-divider\">\n\t\t\t<span class=\"elementor-divider-separator\">\n\t\t\t\t\t\t<\/span>\n\t\t<\/div>\n\t\t\t\t\t\t<\/div>\n\t\t\t\t<\/div>\n\t\t\t\t<\/div>\n\t\t<div class=\"elementor-element elementor-element-28d19cd e-flex e-con-boxed e-con e-parent\" data-id=\"28d19cd\" data-element_type=\"container\">\n\t\t\t\t\t<div class=\"e-con-inner\">\n\t\t\t\t<div class=\"elementor-element elementor-element-60bfffe elementor-widget elementor-widget-text-editor\" data-id=\"60bfffe\" data-element_type=\"widget\" data-widget_type=\"text-editor.default\">\n\t\t\t\t<div class=\"elementor-widget-container\">\n\t\t\t\t\t\t\t\t\t<p style=\"text-align: center;\"><strong>\u00a0Nach zwei Jahren Pause hat der Vorster Kirchenchor wieder ein Karnevalsmusical auf die B\u00fchne des Pfarrzentrums gebracht. Und das hatte es in sich.<\/strong><\/p><p style=\"text-align: center;\"><a href=\"https:\/\/kirchenchor-vorst.de\/?page_id=698\"><span style=\"color: #ff0000;\">Weitere Informationen s. unter &#8220;PRESSE&#8221;<\/span><\/a><\/p>\t\t\t\t\t\t\t\t<\/div>\n\t\t\t\t<\/div>\n\t\t\t\t\t<\/div>\n\t\t\t\t<\/div>\n\t\t<div class=\"elementor-element elementor-element-6869fcd e-flex e-con-boxed e-con e-parent\" data-id=\"6869fcd\" data-element_type=\"container\">\n\t\t\t\t\t<div class=\"e-con-inner\">\n\t\t\t\t<div class=\"elementor-element elementor-element-ffb3ffb elementor-widget-divider--view-line elementor-widget elementor-widget-divider\" data-id=\"ffb3ffb\" data-element_type=\"widget\" data-widget_type=\"divider.default\">\n\t\t\t\t<div class=\"elementor-widget-container\">\n\t\t\t\t\t\t\t<div class=\"elementor-divider\">\n\t\t\t<span class=\"elementor-divider-separator\">\n\t\t\t\t\t\t<\/span>\n\t\t<\/div>\n\t\t\t\t\t\t<\/div>\n\t\t\t\t<\/div>\n\t\t\t\t\t<\/div>\n\t\t\t\t<\/div>\n\t\t<div class=\"elementor-element elementor-element-ae82b73 e-flex e-con-boxed e-con e-parent\" data-id=\"ae82b73\" data-element_type=\"container\">\n\t\t\t\t\t<div class=\"e-con-inner\">\n\t\t\t\t<div class=\"elementor-element elementor-element-f8da693 elementor-widget elementor-widget-text-editor\" data-id=\"f8da693\" data-element_type=\"widget\" data-widget_type=\"text-editor.default\">\n\t\t\t\t<div class=\"elementor-widget-container\">\n\t\t\t\t\t\t\t\t\t<h4 style=\"text-align: center;\">150 Jahre Kirchenchor &#8211; Vorst<\/h4><h4 style=\"text-align: center;\"><a href=\"https:\/\/kirchenchor-vorst.de\/?page_id=2208\" target=\"_blank\" rel=\"noopener\"><span style=\"color: #ff0000;\">Reich an Geschichte &#8211; Reich an Gemeinschaft<\/span><\/a><\/h4>\t\t\t\t\t\t\t\t<\/div>\n\t\t\t\t<\/div>\n\t\t\t\t\t<\/div>\n\t\t\t\t<\/div>\n\t\t<div class=\"elementor-element elementor-element-fa6b8b5 e-con-full e-flex e-con e-parent\" data-id=\"fa6b8b5\" data-element_type=\"container\">\n\t\t<div class=\"elementor-element elementor-element-a456918 e-con-full e-flex e-con e-child\" data-id=\"a456918\" data-element_type=\"container\">\n\t\t\t\t<div class=\"elementor-element elementor-element-d6a8ee6 elementor-widget__width-initial elementor-widget elementor-widget-image\" data-id=\"d6a8ee6\" data-element_type=\"widget\" data-widget_type=\"image.default\">\n\t\t\t\t<div class=\"elementor-widget-container\">\n\t\t\t\t\t\t\t\t\t\t\t\t\t\t\t<img fetchpriority=\"high\" decoding=\"async\" width=\"640\" height=\"488\" src=\"https:\/\/kirchenchor-vorst.de\/wp-content\/uploads\/2023\/10\/KSt_SZ6_7376-768x585.jpg\" class=\"attachment-medium_large size-medium_large wp-image-1301\" alt=\"\" srcset=\"https:\/\/kirchenchor-vorst.de\/wp-content\/uploads\/2023\/10\/KSt_SZ6_7376-768x585.jpg 768w, https:\/\/kirchenchor-vorst.de\/wp-content\/uploads\/2023\/10\/KSt_SZ6_7376-300x229.jpg 300w, https:\/\/kirchenchor-vorst.de\/wp-content\/uploads\/2023\/10\/KSt_SZ6_7376-1024x780.jpg 1024w, https:\/\/kirchenchor-vorst.de\/wp-content\/uploads\/2023\/10\/KSt_SZ6_7376-600x457.jpg 600w, https:\/\/kirchenchor-vorst.de\/wp-content\/uploads\/2023\/10\/KSt_SZ6_7376.jpg 1252w\" sizes=\"(max-width: 640px) 100vw, 640px\" \/>\t\t\t\t\t\t\t\t\t\t\t\t\t\t\t<\/div>\n\t\t\t\t<\/div>\n\t\t\t\t<\/div>\n\t\t<div class=\"elementor-element elementor-element-e04cf57 e-con-full e-flex e-con e-child\" data-id=\"e04cf57\" data-element_type=\"container\">\n\t\t\t\t<div class=\"elementor-element elementor-element-1e8fa99 elementor-widget elementor-widget-text-editor\" data-id=\"1e8fa99\" data-element_type=\"widget\" data-widget_type=\"text-editor.default\">\n\t\t\t\t<div class=\"elementor-widget-container\">\n\t\t\t\t\t\t\t\t\t<h3 style=\"text-align: center;\"><em><span style=\"font-weight: bolder;\">\u00a0<\/span><\/em><\/h3><h3 style=\"text-align: center;\"><em><span style=\"font-weight: bolder;\">Lust uns kennenzulernen ???<\/span><\/em><\/h3><h6 class=\"wp-block-heading\" style=\"font-family: var(--heading-font); text-align: center;\">Der Chor probt ab dem 15.Januar 2024 jeden Montag im Vorster Pfarrzentrum ab 20 Uhr.<\/h6><h6 style=\"text-align: center;\">Bei Interesse k\u00f6nnt Ihr gerne einfach\u00a0mal vorbeischauen und mitmachen.<br \/>Im Anschluss an die Probe gibt es meist auch die M\u00f6glichkeit sich in geselliger Runde kennenzulernen.<\/h6><h6 style=\"text-align: center;\">M\u00f6chtest Du dich einfach vorher mal \u00fcber uns informieren?<br \/>Sprich uns einfach an &#8211; entweder \u00fcber\u00a0 &#8220;KONTAKT&#8221; oder schreib eine Email an<\/h6><h6 style=\"text-align: center;\"><span style=\"color: #ff0000;\"><a style=\"color: #ff0000;\" href=\"mailto:Vorstand@kirchenchor-vorst.de\">Vorstand@kirchenchor-vorst.de<\/a><\/span><\/h6>\t\t\t\t\t\t\t\t<\/div>\n\t\t\t\t<\/div>\n\t\t\t\t<\/div>\n\t\t\t\t<\/div>\n\t\t<div class=\"elementor-element elementor-element-08c6232 e-flex e-con-boxed e-con e-parent\" data-id=\"08c6232\" data-element_type=\"container\">\n\t\t\t\t\t<div class=\"e-con-inner\">\n\t\t<div class=\"elementor-element elementor-element-4043219 e-con-full e-flex e-con e-child\" data-id=\"4043219\" data-element_type=\"container\">\n\t\t\t\t<div class=\"elementor-element elementor-element-14fe7a2 elementor-widget__width-initial elementor-widget elementor-widget-image\" data-id=\"14fe7a2\" data-element_type=\"widget\" data-widget_type=\"image.default\">\n\t\t\t\t<div class=\"elementor-widget-container\">\n\t\t\t\t\t\t\t\t\t\t\t\t\t\t\t<img decoding=\"async\" width=\"640\" height=\"480\" src=\"https:\/\/kirchenchor-vorst.de\/wp-content\/uploads\/2023\/09\/Singen-768x576.jpg\" class=\"attachment-medium_large size-medium_large wp-image-775\" alt=\"\" srcset=\"https:\/\/kirchenchor-vorst.de\/wp-content\/uploads\/2023\/09\/Singen-768x576.jpg 768w, https:\/\/kirchenchor-vorst.de\/wp-content\/uploads\/2023\/09\/Singen-600x450.jpg 600w, https:\/\/kirchenchor-vorst.de\/wp-content\/uploads\/2023\/09\/Singen-300x225.jpg 300w, https:\/\/kirchenchor-vorst.de\/wp-content\/uploads\/2023\/09\/Singen.jpg 960w\" sizes=\"(max-width: 640px) 100vw, 640px\" \/>\t\t\t\t\t\t\t\t\t\t\t\t\t\t\t<\/div>\n\t\t\t\t<\/div>\n\t\t\t\t<\/div>\n\t\t<div class=\"elementor-element elementor-element-b3bda7f e-con-full e-flex e-con e-child\" data-id=\"b3bda7f\" data-element_type=\"container\">\n\t\t<div class=\"elementor-element elementor-element-f003c81 e-con-full e-flex e-con e-child\" data-id=\"f003c81\" data-element_type=\"container\">\n\t\t\t\t<div class=\"elementor-element elementor-element-4725b61 elementor-widget__width-initial elementor-widget elementor-widget-image\" data-id=\"4725b61\" data-element_type=\"widget\" data-widget_type=\"image.default\">\n\t\t\t\t<div class=\"elementor-widget-container\">\n\t\t\t\t\t\t\t\t\t\t\t\t<figure class=\"wp-caption\">\n\t\t\t\t\t\t\t\t\t\t<img loading=\"lazy\" decoding=\"async\" width=\"1556\" height=\"827\" src=\"https:\/\/kirchenchor-vorst.de\/wp-content\/uploads\/2023\/09\/KSt_SZ6_7438a.jpg\" class=\"attachment-2048x2048 size-2048x2048 wp-image-722\" alt=\"\" srcset=\"https:\/\/kirchenchor-vorst.de\/wp-content\/uploads\/2023\/09\/KSt_SZ6_7438a.jpg 1556w, https:\/\/kirchenchor-vorst.de\/wp-content\/uploads\/2023\/09\/KSt_SZ6_7438a-600x319.jpg 600w, https:\/\/kirchenchor-vorst.de\/wp-content\/uploads\/2023\/09\/KSt_SZ6_7438a-300x159.jpg 300w, https:\/\/kirchenchor-vorst.de\/wp-content\/uploads\/2023\/09\/KSt_SZ6_7438a-1024x544.jpg 1024w, https:\/\/kirchenchor-vorst.de\/wp-content\/uploads\/2023\/09\/KSt_SZ6_7438a-768x408.jpg 768w, https:\/\/kirchenchor-vorst.de\/wp-content\/uploads\/2023\/09\/KSt_SZ6_7438a-1536x816.jpg 1536w\" sizes=\"(max-width: 1556px) 100vw, 1556px\" \/>\t\t\t\t\t\t\t\t\t\t\t<figcaption class=\"widget-image-caption wp-caption-text\">Das sind wir<\/figcaption>\n\t\t\t\t\t\t\t\t\t\t<\/figure>\n\t\t\t\t\t\t\t\t\t<\/div>\n\t\t\t\t<\/div>\n\t\t\t\t<\/div>\n\t\t\t\t<\/div>\n\t\t\t\t\t<\/div>\n\t\t\t\t<\/div>\n\t\t<div class=\"elementor-element elementor-element-2577d73 e-flex e-con-boxed e-con e-parent\" data-id=\"2577d73\" data-element_type=\"container\">\n\t\t\t\t\t<div class=\"e-con-inner\">\n\t\t\t\t<div class=\"elementor-element elementor-element-9d38b88 elementor-widget-divider--view-line elementor-widget elementor-widget-divider\" data-id=\"9d38b88\" data-element_type=\"widget\" data-widget_type=\"divider.default\">\n\t\t\t\t<div class=\"elementor-widget-container\">\n\t\t\t\t\t\t\t<div class=\"elementor-divider\">\n\t\t\t<span class=\"elementor-divider-separator\">\n\t\t\t\t\t\t<\/span>\n\t\t<\/div>\n\t\t\t\t\t\t<\/div>\n\t\t\t\t<\/div>\n\t\t\t\t\t<\/div>\n\t\t\t\t<\/div>\n\t\t<div class=\"elementor-element elementor-element-459a2f0 e-flex e-con-boxed e-con e-parent\" data-id=\"459a2f0\" data-element_type=\"container\">\n\t\t\t\t\t<div class=\"e-con-inner\">\n\t\t\t\t<div class=\"elementor-element elementor-element-e37777f elementor-widget elementor-widget-text-editor\" data-id=\"e37777f\" data-element_type=\"widget\" data-widget_type=\"text-editor.default\">\n\t\t\t\t<div class=\"elementor-widget-container\">\n\t\t\t\t\t\t\t\t\t<h1><a href=\"https:\/\/kirchenchor-vorst.de\/?post_type=tribe_events\">aktuelle Termine<\/a><\/h1>\t\t\t\t\t\t\t\t<\/div>\n\t\t\t\t<\/div>\n\t\t\t\t\t<\/div>\n\t\t\t\t<\/div>\n\t\t<div class=\"elementor-element elementor-element-906bbcb e-flex e-con-boxed e-con e-parent\" data-id=\"906bbcb\" data-element_type=\"container\">\n\t\t\t\t\t<div class=\"e-con-inner\">\n\t\t\t\t<div class=\"elementor-element elementor-element-ca830c0 elementor-widget-divider--view-line elementor-widget elementor-widget-divider\" data-id=\"ca830c0\" data-element_type=\"widget\" data-widget_type=\"divider.default\">\n\t\t\t\t<div class=\"elementor-widget-container\">\n\t\t\t\t\t\t\t<div class=\"elementor-divider\">\n\t\t\t<span class=\"elementor-divider-separator\">\n\t\t\t\t\t\t<\/span>\n\t\t<\/div>\n\t\t\t\t\t\t<\/div>\n\t\t\t\t<\/div>\n\t\t\t\t\t<\/div>\n\t\t\t\t<\/div>\n\t\t<div class=\"elementor-element elementor-element-9089e02 e-flex e-con-boxed e-con e-parent\" data-id=\"9089e02\" data-element_type=\"container\">\n\t\t\t\t\t<div class=\"e-con-inner\">\n\t\t\t\t<div class=\"elementor-element elementor-element-ba7236a elementor-widget elementor-widget-text-editor\" data-id=\"ba7236a\" data-element_type=\"widget\" data-widget_type=\"text-editor.default\">\n\t\t\t\t<div class=\"elementor-widget-container\">\n\t\t\t\t\t\t\t\t\t<h2 style=\"text-align: center;\"><em><strong>Weitere Informationen<\/strong><\/em><\/h2>\t\t\t\t\t\t\t\t<\/div>\n\t\t\t\t<\/div>\n\t\t\t\t\t<\/div>\n\t\t\t\t<\/div>\n\t\t<div class=\"elementor-element elementor-element-1990303 e-flex e-con-boxed e-con e-parent\" data-id=\"1990303\" data-element_type=\"container\">\n\t\t\t\t\t<div class=\"e-con-inner\">\n\t\t<div class=\"elementor-element elementor-element-4cce606 e-con-full e-flex e-con e-child\" data-id=\"4cce606\" data-element_type=\"container\">\n\t\t\t\t<div class=\"elementor-element elementor-element-aac4954 elementor-widget elementor-widget-text-editor\" data-id=\"aac4954\" data-element_type=\"widget\" data-widget_type=\"text-editor.default\">\n\t\t\t\t<div class=\"elementor-widget-container\">\n\t\t\t\t\t\t\t\t\t<h6 style=\"text-align: center;\"><span style=\"color: #ff0000;\"><a style=\"color: #ff0000;\" href=\"https:\/\/kirchenchor-vorst.de\/?page_id=652\">Unser Vorstand<\/a><\/span><\/h6><p style=\"text-align: center;\">\u00a0<\/p>\t\t\t\t\t\t\t\t<\/div>\n\t\t\t\t<\/div>\n\t\t\t\t<\/div>\n\t\t<div class=\"elementor-element elementor-element-b147adc e-con-full e-flex e-con e-child\" data-id=\"b147adc\" data-element_type=\"container\">\n\t\t\t\t<div class=\"elementor-element elementor-element-0068297 elementor-widget elementor-widget-text-editor\" data-id=\"0068297\" data-element_type=\"widget\" data-widget_type=\"text-editor.default\">\n\t\t\t\t<div class=\"elementor-widget-container\">\n\t\t\t\t\t\t\t\t\t<h6 style=\"text-align: center;\"><span style=\"color: #ff0000;\"><a style=\"color: #ff0000;\" href=\"https:\/\/kirchenchor-vorst.de\/?page_id=1669\">Unsere Chronik<\/a><\/span><\/h6><p style=\"text-align: center;\">\u00a0<\/p>\t\t\t\t\t\t\t\t<\/div>\n\t\t\t\t<\/div>\n\t\t\t\t<\/div>\n\t\t<div class=\"elementor-element elementor-element-e5fb1a3 e-con-full e-flex e-con e-child\" data-id=\"e5fb1a3\" data-element_type=\"container\">\n\t\t\t\t<div class=\"elementor-element elementor-element-8f7198f elementor-widget elementor-widget-text-editor\" data-id=\"8f7198f\" data-element_type=\"widget\" data-widget_type=\"text-editor.default\">\n\t\t\t\t<div class=\"elementor-widget-container\">\n\t\t\t\t\t\t\t\t\t<h6 style=\"text-align: center;\"><span style=\"color: #ff0000;\"><a style=\"color: #ff0000;\" href=\"https:\/\/kirchenchor-vorst.de\/?page_id=1397\">Unsere Musicals<\/a><\/span><\/h6><p style=\"text-align: center;\">\u00a0<\/p>\t\t\t\t\t\t\t\t<\/div>\n\t\t\t\t<\/div>\n\t\t\t\t<\/div>\n\t\t<div class=\"elementor-element elementor-element-ea13a77 e-con-full e-flex e-con e-child\" data-id=\"ea13a77\" data-element_type=\"container\">\n\t\t\t\t<div class=\"elementor-element elementor-element-df95802 elementor-widget elementor-widget-text-editor\" data-id=\"df95802\" data-element_type=\"widget\" data-widget_type=\"text-editor.default\">\n\t\t\t\t<div class=\"elementor-widget-container\">\n\t\t\t\t\t\t\t\t\t<h6 style=\"text-align: center;\"><span style=\"color: #ff0000;\"><a style=\"color: #ff0000;\" href=\"https:\/\/kirchenchor-vorst.de\/?page_id=1705\">Karaoke &#8211; Party<\/a><\/span><\/h6><p style=\"text-align: center;\">\u00a0<\/p>\t\t\t\t\t\t\t\t<\/div>\n\t\t\t\t<\/div>\n\t\t\t\t<\/div>\n\t\t<div class=\"elementor-element elementor-element-99bfbd2 e-con-full e-flex e-con e-child\" data-id=\"99bfbd2\" data-element_type=\"container\">\n\t\t\t\t<div class=\"elementor-element elementor-element-a3c00f8 elementor-widget elementor-widget-text-editor\" data-id=\"a3c00f8\" data-element_type=\"widget\" data-widget_type=\"text-editor.default\">\n\t\t\t\t<div class=\"elementor-widget-container\">\n\t\t\t\t\t\t\t\t\t<h6 style=\"text-align: center;\"><a href=\"https:\/\/kirchenchor-vorst.de\/?page_id=1491\">Konzerte<\/a><\/h6>\t\t\t\t\t\t\t\t<\/div>\n\t\t\t\t<\/div>\n\t\t\t\t<\/div>\n\t\t<div class=\"elementor-element elementor-element-e6d3412 e-con-full e-flex e-con e-child\" data-id=\"e6d3412\" data-element_type=\"container\">\n\t\t\t\t<div class=\"elementor-element elementor-element-5c898f8 elementor-widget elementor-widget-text-editor\" data-id=\"5c898f8\" data-element_type=\"widget\" data-widget_type=\"text-editor.default\">\n\t\t\t\t<div class=\"elementor-widget-container\">\n\t\t\t\t\t\t\t\t\t<h6 style=\"text-align: center;\"><span style=\"color: #ff0000;\"><a style=\"color: #ff0000;\" href=\"https:\/\/kirchenchor-vorst.de\/?page_id=1491\">sonstige Veranstaltungen<\/a><\/span><\/h6><p style=\"text-align: center;\">\u00a0<\/p>\t\t\t\t\t\t\t\t<\/div>\n\t\t\t\t<\/div>\n\t\t\t\t<\/div>\n\t\t\t\t\t<\/div>\n\t\t\t\t<\/div>\n\t\t<div class=\"elementor-element elementor-element-ac185de e-flex e-con-boxed e-con e-parent\" data-id=\"ac185de\" data-element_type=\"container\">\n\t\t\t\t\t<div class=\"e-con-inner\">\n\t\t\t\t<div class=\"elementor-element elementor-element-177a911 elementor-widget-divider--view-line elementor-widget elementor-widget-divider\" data-id=\"177a911\" data-element_type=\"widget\" data-widget_type=\"divider.default\">\n\t\t\t\t<div class=\"elementor-widget-container\">\n\t\t\t\t\t\t\t<div class=\"elementor-divider\">\n\t\t\t<span class=\"elementor-divider-separator\">\n\t\t\t\t\t\t<\/span>\n\t\t<\/div>\n\t\t\t\t\t\t<\/div>\n\t\t\t\t<\/div>\n\t\t\t\t\t<\/div>\n\t\t\t\t<\/div>\n\t\t<div class=\"elementor-element elementor-element-189022e e-flex e-con-boxed e-con e-parent\" data-id=\"189022e\" data-element_type=\"container\">\n\t\t\t\t\t<div class=\"e-con-inner\">\n\t\t\t\t<div class=\"elementor-element elementor-element-131c7f3 elementor-widget elementor-widget-text-editor\" data-id=\"131c7f3\" data-element_type=\"widget\" data-widget_type=\"text-editor.default\">\n\t\t\t\t<div class=\"elementor-widget-container\">\n\t\t\t\t\t\t\t\t\t<h3 style=\"text-align: center;\"><em><strong>Seit 2023 sind wir ein eingetragener Verein unter dem Namen:<\/strong><\/em><\/h3><h4 style=\"text-align: center;\"><span style=\"color: #ff0000;\">Kirchenchor St. C\u00e4cilia an St. Antonius Vorst e.V.<\/span><\/h4>\t\t\t\t\t\t\t\t<\/div>\n\t\t\t\t<\/div>\n\t\t\t\t\t<\/div>\n\t\t\t\t<\/div>\n\t\t<div class=\"elementor-element elementor-element-a9fb2fe e-flex e-con-boxed e-con e-parent\" data-id=\"a9fb2fe\" data-element_type=\"container\">\n\t\t\t\t\t<div class=\"e-con-inner\">\n\t\t<div class=\"elementor-element elementor-element-81a5c83 e-con-full e-flex e-con e-child\" data-id=\"81a5c83\" data-element_type=\"container\">\n\t\t<div class=\"elementor-element elementor-element-f6cd52e e-con-full e-flex e-con e-child\" data-id=\"f6cd52e\" data-element_type=\"container\">\n\t\t\t\t<div class=\"elementor-element elementor-element-6b936fb elementor-widget elementor-widget-text-editor\" data-id=\"6b936fb\" data-element_type=\"widget\" data-widget_type=\"text-editor.default\">\n\t\t\t\t<div class=\"elementor-widget-container\">\n\t\t\t\t\t\t\t\t\t<h5 style=\"text-align: center;\"><span style=\"color: #ff0000;\"><a style=\"color: #ff0000;\" href=\"https:\/\/kirchenchor-vorst.de\/wp-content\/uploads\/2023\/10\/Satzung-KICO-endgueltig-mit-Beitrag.pdf\" target=\"_blank\" rel=\"noopener\">Unsere aktuelle Satzung<\/a><\/span><\/h5>\t\t\t\t\t\t\t\t<\/div>\n\t\t\t\t<\/div>\n\t\t\t\t<\/div>\n\t\t\t\t<\/div>\n\t\t<div class=\"elementor-element elementor-element-9fa89f6 e-con-full e-flex e-con e-child\" data-id=\"9fa89f6\" data-element_type=\"container\">\n\t\t<div class=\"elementor-element elementor-element-654483d e-con-full e-flex e-con e-child\" data-id=\"654483d\" data-element_type=\"container\">\n\t\t\t\t<div class=\"elementor-element elementor-element-9758862 elementor-widget elementor-widget-text-editor\" data-id=\"9758862\" data-element_type=\"widget\" data-widget_type=\"text-editor.default\">\n\t\t\t\t<div class=\"elementor-widget-container\">\n\t\t\t\t\t\t\t\t\t<h5 style=\"text-align: center;\"><span style=\"color: #ff0000;\"><a style=\"color: #ff0000;\" href=\"https:\/\/kirchenchor-vorst.de\/wp-content\/uploads\/2023\/10\/VR-Auszug.pdf\" target=\"_blank\" rel=\"noopener\">Auszug aus dem Vereinsregister<\/a><\/span><\/h5>\t\t\t\t\t\t\t\t<\/div>\n\t\t\t\t<\/div>\n\t\t\t\t<\/div>\n\t\t\t\t<\/div>\n\t\t\t\t\t<\/div>\n\t\t\t\t<\/div>\n\t\t<div class=\"elementor-element elementor-element-3e050d2 e-flex e-con-boxed e-con e-parent\" data-id=\"3e050d2\" data-element_type=\"container\">\n\t\t\t\t\t<div class=\"e-con-inner\">\n\t\t\t\t<div class=\"elementor-element elementor-element-c2c1f78 elementor-widget-divider--view-line elementor-widget elementor-widget-divider\" data-id=\"c2c1f78\" data-element_type=\"widget\" data-widget_type=\"divider.default\">\n\t\t\t\t<div class=\"elementor-widget-container\">\n\t\t\t\t\t\t\t<div class=\"elementor-divider\">\n\t\t\t<span class=\"elementor-divider-separator\">\n\t\t\t\t\t\t<\/span>\n\t\t<\/div>\n\t\t\t\t\t\t<\/div>\n\t\t\t\t<\/div>\n\t\t\t\t\t<\/div>\n\t\t\t\t<\/div>\n\t\t<div class=\"elementor-element elementor-element-00a00d0 e-flex e-con-boxed e-con e-parent\" data-id=\"00a00d0\" data-element_type=\"container\">\n\t\t\t\t\t<div class=\"e-con-inner\">\n\t\t\t\t<div class=\"elementor-element elementor-element-b72f3f9 elementor-widget elementor-widget-text-editor\" data-id=\"b72f3f9\" data-element_type=\"widget\" data-widget_type=\"text-editor.default\">\n\t\t\t\t<div class=\"elementor-widget-container\">\n\t\t\t\t\t\t\t\t\t<h3 style=\"text-align: center;\">Interne Bereiche (nur f\u00fcr Mitglieder).<\/h3>\t\t\t\t\t\t\t\t<\/div>\n\t\t\t\t<\/div>\n\t\t\t\t\t<\/div>\n\t\t\t\t<\/div>\n\t\t<div class=\"elementor-element elementor-element-a34770d e-flex e-con-boxed e-con e-parent\" data-id=\"a34770d\" data-element_type=\"container\">\n\t\t\t\t\t<div class=\"e-con-inner\">\n\t\t<div class=\"elementor-element elementor-element-c2cb9ba e-con-full e-flex e-con e-child\" data-id=\"c2cb9ba\" data-element_type=\"container\">\n\t\t\t\t<div class=\"elementor-element elementor-element-5a68aa2 elementor-widget elementor-widget-text-editor\" data-id=\"5a68aa2\" data-element_type=\"widget\" data-widget_type=\"text-editor.default\">\n\t\t\t\t<div class=\"elementor-widget-container\">\n\t\t\t\t\t\t\t\t\t<h5 style=\"text-align: center;\"><em><span style=\"color: #ff0000;\"><a style=\"color: #ff0000;\" href=\"https:\/\/kirchenchor-vorst.de\/?page_id=747\" target=\"_blank\" rel=\"noopener\">Mitglieder<\/a><\/span><\/em><\/h5>\t\t\t\t\t\t\t\t<\/div>\n\t\t\t\t<\/div>\n\t\t\t\t<\/div>\n\t\t<div class=\"elementor-element elementor-element-861999c e-con-full e-flex e-con e-child\" data-id=\"861999c\" data-element_type=\"container\">\n\t\t\t\t<div class=\"elementor-element elementor-element-9c81d9e elementor-widget elementor-widget-text-editor\" data-id=\"9c81d9e\" data-element_type=\"widget\" data-widget_type=\"text-editor.default\">\n\t\t\t\t<div class=\"elementor-widget-container\">\n\t\t\t\t\t\t\t\t\t<h5 style=\"text-align: center;\"><em><span style=\"color: #ff0000;\"><a style=\"color: #ff0000;\" href=\"https:\/\/kirchenchor-vorst.de\/?page_id=1207\" target=\"_blank\" rel=\"noopener\">Vorstandsbereich<\/a><\/span><\/em><\/h5>\t\t\t\t\t\t\t\t<\/div>\n\t\t\t\t<\/div>\n\t\t\t\t<\/div>\n\t\t\t\t\t<\/div>\n\t\t\t\t<\/div>\n\t\t<div class=\"elementor-element elementor-element-f8892f8 e-flex e-con-boxed e-con e-parent\" data-id=\"f8892f8\" data-element_type=\"container\">\n\t\t\t\t\t<div class=\"e-con-inner\">\n\t\t\t\t<div class=\"elementor-element elementor-element-32438f1 elementor-widget elementor-widget-text-editor\" data-id=\"32438f1\" data-element_type=\"widget\" data-widget_type=\"text-editor.default\">\n\t\t\t\t<div class=\"elementor-widget-container\">\n\t\t\t\t\t\t\t\t\t<p>Lorem ipsum dolor sit amet, consectetur adipiscing elit. Ut elit tellus, luctus nec ullamcorper mattis, pulvinar dapibus leo.<\/p>\t\t\t\t\t\t\t\t<\/div>\n\t\t\t\t<\/div>\n\t\t\t\t\t<\/div>\n\t\t\t\t<\/div>\n\t\t\t\t<\/div>\n\t\t","protected":false},"excerpt":{"rendered":"<p>Neuigkeiten Da ab dem 1.Mai 2025 wieder unsere fr\u00fchere Chorleiterin &#8211; Frau Elena B\u00e4r &#8211; den Chor \u00fcbernimmt, finden die w\u00f6chentlichen Chorproben\u00a0 ab dem\u00a0 8. Mai 2025 wieder jeden Donnerstag\u00a0statt. [&hellip;]<\/p>\n","protected":false},"author":1,"featured_media":0,"parent":0,"menu_order":0,"comment_status":"closed","ping_status":"closed","template":"","meta":{"footnotes":""},"_links":{"self":[{"href":"https:\/\/kirchenchor-vorst.de\/index.php?rest_route=\/wp\/v2\/pages\/661"}],"collection":[{"href":"https:\/\/kirchenchor-vorst.de\/index.php?rest_route=\/wp\/v2\/pages"}],"about":[{"href":"https:\/\/kirchenchor-vorst.de\/index.php?rest_route=\/wp\/v2\/types\/page"}],"author":[{"embeddable":true,"href":"https:\/\/kirchenchor-vorst.de\/index.php?rest_route=\/wp\/v2\/users\/1"}],"replies":[{"embeddable":true,"href":"https:\/\/kirchenchor-vorst.de\/index.php?rest_route=%2Fwp%2Fv2%2Fcomments&post=661"}],"version-history":[{"count":293,"href":"https:\/\/kirchenchor-vorst.de\/index.php?rest_route=\/wp\/v2\/pages\/661\/revisions"}],"predecessor-version":[{"id":2642,"href":"https:\/\/kirchenchor-vorst.de\/index.php?rest_route=\/wp\/v2\/pages\/661\/revisions\/2642"}],"wp:attachment":[{"href":"https:\/\/kirchenchor-vorst.de\/index.php?rest_route=%2Fwp%2Fv2%2Fmedia&parent=661"}],"curies":[{"name":"wp","href":"https:\/\/api.w.org\/{rel}","templated":true}]}}