{"id":660,"date":"2023-09-22T08:07:39","date_gmt":"2023-09-22T08:07:39","guid":{"rendered":"https:\/\/kirchenchor-vorst.de\/?page_id=660"},"modified":"2024-10-29T18:05:24","modified_gmt":"2024-10-29T18:05:24","slug":"impressum","status":"publish","type":"page","link":"https:\/\/kirchenchor-vorst.de\/?page_id=660","title":{"rendered":"Impressum"},"content":{"rendered":"\t\t<div data-elementor-type=\"wp-page\" data-elementor-id=\"660\" class=\"elementor elementor-660\">\n\t\t\t\t<div class=\"elementor-element elementor-element-d8e4f38 e-flex e-con-boxed e-con e-parent\" data-id=\"d8e4f38\" data-element_type=\"container\">\n\t\t\t\t\t<div class=\"e-con-inner\">\n\t\t\t\t<div class=\"elementor-element elementor-element-349e12e elementor-widget elementor-widget-text-editor\" data-id=\"349e12e\" data-element_type=\"widget\" data-widget_type=\"text-editor.default\">\n\t\t\t\t<div class=\"elementor-widget-container\">\n\t\t\t\t\t\t\t\t\t<h1>Angaben<span style=\"text-align: var(--text-align);\"><span style=\"color: #000000; font-family: 'comic sans ms', sans-serif; font-size: 10pt; font-variant-ligatures: normal; font-weight: bold;\"> gem\u00e4\u00df \u00a7 5 TMG<\/span><\/span><\/h1>\n<p style=\"color: #000000; font-family: 'comic sans ms'; font-size: medium; font-variant-ligatures: normal; background-color: #8ecae8;\"><span style=\"font-family: 'comic sans ms', sans-serif; font-size: 10pt;\"><strong>Katholischer Kirchenchor St.<\/strong> <strong>C\u00e4cilia an St. Antonius Vorst e.V<\/strong>.<\/span><\/p>\n<p style=\"color: #000000; font-family: 'comic sans ms'; font-size: medium; font-variant-ligatures: normal; background-color: #8ecae8;\"><span style=\"font-family: 'comic sans ms', sans-serif; font-size: 10pt;\"><strong>1. Vorsitzende:<\/strong>\n<\/span>Claudia Bousch\n<span style=\"font-family: 'comic sans ms', sans-serif; font-size: 10pt;\">Oststrasse 20<\/span>\n<span style=\"font-family: 'comic sans ms', sans-serif; font-size: 10pt;\">41352 Korschenbroich\u00a0<\/span><\/p>\n<p style=\"color: #000000; font-family: 'Times New Roman'; font-size: medium; font-variant-ligatures: normal; background-color: #8ecae8;\"><strong><span style=\"font-family: 'comic sans ms', sans-serif; font-size: 10pt;\">Kontakt:<\/span><\/strong><\/p>\n<p style=\"color: #000000; font-family: 'Times New Roman'; font-size: medium; font-variant-ligatures: normal; background-color: #8ecae8;\"><span style=\"font-family: 'comic sans ms', sans-serif; font-size: 10pt;\">Telefon:\u00a0+49 (176) 62935939<\/span>\n<span style=\"font-family: 'comic sans ms', sans-serif; font-size: 10pt;\">E-Mail: <span style=\"color: #ff0000;\"><a style=\"color: #ff0000;\" href=\"mailto:Vorstand@kirchenchor-vorst.de\">Vorstand@kirchenchor-vorst.de<\/a><\/span><\/span><\/p>\n<p style=\"color: #000000; font-family: 'Times New Roman'; font-size: medium; font-variant-ligatures: normal; background-color: #8ecae8;\"><strong><span style=\"font-family: 'comic sans ms', sans-serif; font-size: 10pt;\"><span style=\"font-size: 10pt;\">\nV<\/span>erantwortlich f\u00fcr Design und\u00a0Programmierung:<\/span><\/strong><\/p>\n<p style=\"color: #000000; font-family: 'Times New Roman'; font-size: medium; font-variant-ligatures: normal; background-color: #8ecae8;\"><strong><span style=\"font-family: 'comic sans ms', sans-serif; font-size: 10pt;\">Bousch-Software-Kaarst<\/span><\/strong>\n<span style=\"font-family: 'comic sans ms', sans-serif; font-size: 10pt;\">Oststrasse 20<\/span>\n<span style=\"font-family: 'comic sans ms', sans-serif; font-size: 10pt;\">41352 Korschenbroich<\/span>\n<span style=\"font-family: 'comic sans ms', sans-serif; font-size: 10pt;\">Telefon: +49 174 1797949<\/span>\n<span style=\"font-family: 'comic sans ms', sans-serif; font-size: 10pt;\">E-Mail:<span style=\"color: #ff0000;\">\u00a0<\/span><a style=\"color: #0088cc;\" href=\"mailto:Bousch-Software@arcor.de\"><span style=\"color: #ff0000;\">Bousch-Software@arcor.de<\/span><\/a><\/span><\/p>\n<p style=\"color: #000000; font-family: 'Times New Roman'; font-size: medium; font-variant-ligatures: normal; background-color: #8ecae8;\"><strong><span style=\"font-family: 'comic sans ms', sans-serif; font-size: 10pt;\">Verantwortlich f\u00fcr den Inhalt nach \u00a7 55 Abs. 2 RStV:<\/span><\/strong><\/p>\n<p style=\"color: #000000; font-family: 'Times New Roman'; font-size: medium; font-variant-ligatures: normal; background-color: #8ecae8;\"><span style=\"font-family: 'comic sans ms', sans-serif; font-size: 10pt;\">Katholischer Kirchenchor St. C\u00e4cilia an St. Antonius Vorst e.V.<\/span><\/p>\n<p style=\"color: #000000; font-family: 'Times New Roman'; font-size: medium; font-variant-ligatures: normal; background-color: #8ecae8;\">1. Vorsitzende:\nClaudia Bousch\n<span style=\"font-family: 'comic sans ms', sans-serif; font-size: 10pt;\">Oststrasse 20<\/span>\n<span style=\"font-family: 'comic sans ms', sans-serif; font-size: 10pt;\">41352 Korschenbroich<\/span><\/p>\n<p style=\"color: #000000; font-family: 'Times New Roman'; font-size: medium; font-variant-ligatures: normal; background-color: #8ecae8;\"><strong><span style=\"font-family: 'comic sans ms', sans-serif; font-size: 10pt;\">Haftungsausschluss:<\/span><\/strong><\/p>\n<strong><span style=\"font-family: 'comic sans ms', sans-serif; font-size: 10pt;\">Haftung f\u00fcr Inhalte<\/span><\/strong>\n\n<span style=\"font-family: 'comic sans ms', sans-serif; font-size: 10pt;\">Die Inhalte unserer Seiten wurden mit gr\u00f6\u00dfter Sorgfalt erstellt. F\u00fcr die Richtigkeit, Vollst\u00e4ndigkeit und Aktualit\u00e4t der Inhalte k\u00f6nnen wir jedoch keine Gew\u00e4hr \u00fcbernehmen. Als Diensteanbieter sind wir gem\u00e4\u00df \u00a7 7 Abs.1 TMG f\u00fcr eigene Inhalte auf diesen Seiten nach den allgemeinen Gesetzen verantwortlich. Nach \u00a7\u00a7 8 bis 10 TMG sind wir als Diensteanbieter jedoch nicht verpflichtet, \u00fcbermittelte oder gespeicherte fremde Informationen zu \u00fcberwachen oder nach Umst\u00e4nden zu forschen, die auf eine rechtswidrige T\u00e4tigkeit hinweisen. Verpflichtungen zur Entfernung oder Sperrung der Nutzung von Informationen nach den allgemeinen Gesetzen bleiben hiervon unber\u00fchrt. Eine diesbez\u00fcgliche Haftung ist jedoch erst ab dem Zeitpunkt der Kenntnis einer konkreten Rechtsverletzung m\u00f6glich. Bei Bekanntwerden von entsprechenden Rechtsverletzungen werden wir diese Inhalte umgehend entfernen.<\/span>\n\n<strong><span style=\"font-family: 'comic sans ms', sans-serif; font-size: 10pt;\">Urheberrecht<\/span><\/strong>\n\n<span style=\"font-family: 'comic sans ms', sans-serif; font-size: 10pt;\">Die durch die Seitenbetreiber erstellten Inhalte und Werke auf diesen Seiten unterliegen dem deutschen Urheberrecht. Die Vervielf\u00e4ltigung, Bearbeitung, Verbreitung und jede Art der Verwertung au\u00dferhalb der Grenzen des Urheberrechtes bed\u00fcrfen der schriftlichen Zustimmung des jeweiligen Autors bzw. Erstellers. Downloads und Kopien dieser Seite sind nur f\u00fcr den privaten, nicht kommerziellen Gebrauch gestattet. Soweit die Inhalte auf dieser Seite nicht vom Betreiber erstellt wurden, werden die Urheberrechte Dritter beachtet. Insbesondere werden Inhalte Dritter als solche gekennzeichnet. Sollten Sie trotzdem auf eine Urheberrechtsverletzung aufmerksam werden, bitten wir um einen entsprechenden Hinweis. Bei Bekanntwerden von Rechtsverletzungen werden wir derartige Inhalte umgehend entfernen.<\/span>\n\n<strong><span style=\"font-family: 'comic sans ms', sans-serif; font-size: 10pt;\">Datenschutz<\/span><\/strong>\n<p style=\"color: #000000; font-family: 'Times New Roman'; font-size: medium; font-variant-ligatures: normal; background-color: #8ecae8;\"><strong><span style=\"font-family: 'comic sans ms', sans-serif; font-size: 10pt;\">Datenschutzerkl\u00e4rung<\/span><\/strong><\/p>\n<p style=\"color: #000000; font-family: 'Times New Roman'; font-size: medium; font-variant-ligatures: normal; background-color: #8ecae8;\"><strong><span style=\"font-family: 'comic sans ms', sans-serif; font-size: 10pt;\">1. Name und Kontaktdaten des f\u00fcr die Verarbeitung Verantwortlichen sowie des betrieblichen Datenschutzbeauftragten<\/span><\/strong><\/p>\n<p style=\"color: #000000; font-family: 'Times New Roman'; font-size: medium; font-variant-ligatures: normal; background-color: #8ecae8;\"><span style=\"font-family: 'comic sans ms', sans-serif; font-size: 10pt;\">Diese Datenschutz-Information gilt f\u00fcr die Datenverarbeitung durch:<\/span><\/p>\n<p style=\"color: #000000; font-family: 'Times New Roman'; font-size: medium; font-variant-ligatures: normal; background-color: #8ecae8;\"><strong><span style=\"font-family: 'comic sans ms', sans-serif; font-size: 10pt;\">Verantwortliche:<\/span><\/strong><\/p>\n<p style=\"color: #000000; font-family: 'Times New Roman'; font-size: medium; font-variant-ligatures: normal; background-color: #8ecae8;\">1. Vorsitzende:\nClaudia Bousch\n<span style=\"font-family: 'comic sans ms', sans-serif; font-size: 10pt;\">Oststrasse 20<\/span>\n<span style=\"font-family: 'comic sans ms', sans-serif; font-size: 10pt;\">41352 Korschenbroich<\/span><\/p>\n<p style=\"color: #000000; font-family: 'Times New Roman'; font-size: medium; font-variant-ligatures: normal; background-color: #8ecae8;\"><strong><span style=\"font-family: 'comic sans ms', sans-serif; font-size: 10pt;\">2. Erhebung und Speicherung personenbezogener Daten sowie Art und Zweck von deren Verwendung<\/span><\/strong><\/p>\n<p style=\"color: #000000; font-family: 'Times New Roman'; font-size: medium; font-variant-ligatures: normal; background-color: #8ecae8;\"><strong><span style=\"font-family: 'comic sans ms', sans-serif; font-size: 10pt;\">a) Beim Besuch der Website<\/span><\/strong><\/p>\n<p style=\"color: #000000; font-family: 'Times New Roman'; font-size: medium; font-variant-ligatures: normal; background-color: #8ecae8;\"><span style=\"font-family: 'comic sans ms', sans-serif; font-size: 10pt;\">Beim Aufrufen unserer Website www.bund-bruderschaften werden durch den auf Ihrem Endger\u00e4t zum Einsatz kommenden Browser automatisch Informationen an den Server unserer Website gesendet. Diese Informationen werden tempor\u00e4r in einem sog. Logfile gespeichert. Folgende Informationen werden dabei ohne Ihr Zutun erfa\u00dft und bis zur automatisierten L\u00f6schung gespeichert:<\/span><\/p>\n<p style=\"color: #000000; font-family: 'Times New Roman'; font-size: medium; font-variant-ligatures: normal; background-color: #8ecae8;\"><span style=\"font-family: 'comic sans ms', sans-serif; font-size: 10pt;\">IP-Adre\u00dfe des anfragenden Rechners,<\/span>\n<span style=\"font-family: 'comic sans ms', sans-serif; font-size: 10pt;\">Datum und Uhrzeit des Zugriffs,<\/span>\n<span style=\"font-family: 'comic sans ms', sans-serif; font-size: 10pt;\">Name und URL der abgerufenen Datei,<\/span>\n<span style=\"font-family: 'comic sans ms', sans-serif; font-size: 10pt;\">Website, von der aus der Zugriff erfolgt (Referrer-URL),<\/span>\n<span style=\"font-family: 'comic sans ms', sans-serif; font-size: 10pt;\">verwendeter Browser und ggf. das Betrieb\u00dfystem Ihres Rechners sowie der Name Ihres Acce\u00df-Providers.<\/span><\/p>\n<p style=\"color: #000000; font-family: 'Times New Roman'; font-size: medium; font-variant-ligatures: normal; background-color: #8ecae8;\"><span style=\"font-family: 'comic sans ms', sans-serif; font-size: 10pt;\">Die genannten Daten werden durch uns zu folgenden Zwecken verarbeitet:<\/span><\/p>\n<p style=\"color: #000000; font-family: 'Times New Roman'; font-size: medium; font-variant-ligatures: normal; background-color: #8ecae8;\"><span style=\"font-family: 'comic sans ms', sans-serif; font-size: 10pt;\">Gew\u00e4hrleistung eines reibungslosen Verbindungsaufbaus der Website,<\/span>\n<span style=\"font-family: 'comic sans ms', sans-serif; font-size: 10pt;\">Gew\u00e4hrleistung einer komfortablen Nutzung unserer Website,<\/span>\n<span style=\"font-family: 'comic sans ms', sans-serif; font-size: 10pt;\">Auswertung der Systemsicherheit und -stabilit\u00e4t sowie<\/span>\n<span style=\"font-family: 'comic sans ms', sans-serif; font-size: 10pt;\">zu weiteren administrativen Zwecken.<\/span><\/p>\n<p style=\"color: #000000; font-family: 'Times New Roman'; font-size: medium; font-variant-ligatures: normal; background-color: #8ecae8;\"><span style=\"font-family: 'comic sans ms', sans-serif; font-size: 10pt;\">Die Rechtsgrundlage f\u00fcr die Datenverarbeitung ist Art.\u00a06 Abs.\u00a01 S.\u00a01\u00a0lit.\u00a0f DSGVO. Unser berechtigtes Intere\u00dfe folgt aus oben aufgelisteten Zwecken zur Datenerhebung. In keinem Fall verwenden wir die erhobenen Daten zu dem Zweck, R\u00fcckschl\u00fc\u00dfe auf Ihre Person zu ziehen.<\/span><\/p>\n<p style=\"color: #000000; font-family: 'Times New Roman'; font-size: medium; font-variant-ligatures: normal; background-color: #8ecae8;\"><span style=\"font-family: 'comic sans ms', sans-serif; font-size: 10pt;\">Dar\u00fcber hinaus setzen wir beim Besuch unserer Website Cookies sowie Analysedienste ein. N\u00e4here Erl\u00e4uterungen dazu erhalten Sie unter den Ziff. 4 und 5 dieser Datenschutzerkl\u00e4rung.<\/span><\/p>\n<p style=\"color: #000000; font-family: 'Times New Roman'; font-size: medium; font-variant-ligatures: normal; background-color: #8ecae8;\"><strong><span style=\"font-family: 'comic sans ms', sans-serif; font-size: 10pt;\">b) Bei Nutzung unseres Kontaktformulars<\/span><\/strong><\/p>\n<p style=\"color: #000000; font-family: 'Times New Roman'; font-size: medium; font-variant-ligatures: normal; background-color: #8ecae8;\"><span style=\"font-family: 'comic sans ms', sans-serif; font-size: 10pt;\">Bei Fragen jeglicher Art bieten wir Ihnen die M\u00f6glichkeit, mit uns \u00fcber ein auf der Website bereitgestelltes Formular Kontakt aufzunehmen. Dabei ist die Angabe einer g\u00fcltigen E-Mail-Adre\u00dfe erforderlich, damit wir wi\u00dfen, von wem die Anfrage stammt und um diese beantworten zu k\u00f6nnen. Weitere Angaben k\u00f6nnen freiwillig get\u00e4tigt werden.<\/span><\/p>\n<p style=\"color: #000000; font-family: 'Times New Roman'; font-size: medium; font-variant-ligatures: normal; background-color: #8ecae8;\"><span style=\"font-family: 'comic sans ms', sans-serif; font-size: 10pt;\">Die Datenverarbeitung zum Zwecke der Kontaktaufnahme mit uns erfolgt nach Art.\u00a06 Abs.\u00a01 S.\u00a01\u00a0lit.\u00a0a DSGVO auf Grundlage Ihrer freiwillig erteilten Einwilligung.<\/span><\/p>\n<p style=\"color: #000000; font-family: 'Times New Roman'; font-size: medium; font-variant-ligatures: normal; background-color: #8ecae8;\"><span style=\"font-family: 'comic sans ms', sans-serif; font-size: 10pt;\">Die f\u00fcr die Benutzung des Kontaktformulars von uns erhobenen personenbezogenen Daten werden nach Erledigung der von Ihnen gestellten Anfrage automatisch gel\u00f6scht.<\/span><\/p>\n<p style=\"color: #000000; font-family: 'Times New Roman'; font-size: medium; font-variant-ligatures: normal; background-color: #8ecae8;\"><strong><span style=\"font-family: 'comic sans ms', sans-serif; font-size: 10pt;\">3. Weitergabe von Daten<\/span><\/strong><\/p>\n<p style=\"color: #000000; font-family: 'Times New Roman'; font-size: medium; font-variant-ligatures: normal; background-color: #8ecae8;\"><span style=\"font-family: 'comic sans ms', sans-serif; font-size: 10pt;\">Eine \u00fcbermittlung Ihrer pers\u00f6nlichen Daten an Dritte zu anderen als den im Folgenden aufgef\u00fchrten Zwecken findet nicht statt.<\/span><\/p>\n<p style=\"color: #000000; font-family: 'Times New Roman'; font-size: medium; font-variant-ligatures: normal; background-color: #8ecae8;\"><span style=\"font-family: 'comic sans ms', sans-serif; font-size: 10pt;\">Wir geben Ihre pers\u00f6nlichen Daten nur an Dritte weiter, wenn:<\/span><\/p>\n<p style=\"color: #000000; font-family: 'Times New Roman'; font-size: medium; font-variant-ligatures: normal; background-color: #8ecae8;\"><span style=\"font-family: 'comic sans ms', sans-serif; font-size: 10pt;\">Sie Ihre nach Art.\u00a06 Abs.\u00a01 S.\u00a01\u00a0lit.\u00a0a DSGVO ausdr\u00fcckliche Einwilligung dazu erteilt haben,<\/span>\n<span style=\"font-family: 'comic sans ms', sans-serif; font-size: 10pt;\">die Weitergabe nach Art.\u00a06 Abs.\u00a01 S.\u00a01\u00a0lit.\u00a0f DSGVO zur Geltendmachung, Aus\u00fcbung oder Verteidigung von Rechtsanspr\u00fcchen erforderlich ist und kein Grund zur Annahme besteht, da\u00df Sie ein \u00fcberwiegendes schutzw\u00fcrdiges Intere\u00dfe an der Nichtweitergabe Ihrer Daten haben,<\/span>\n<span style=\"font-family: 'comic sans ms', sans-serif; font-size: 10pt;\">f\u00fcr den Fall, da\u00df f\u00fcr die Weitergabe nach Art.\u00a06 Abs.\u00a01 S.\u00a01\u00a0lit.\u00a0c DSGVO eine gesetzliche Verpflichtung besteht, sowie dies gesetzlich zul\u00e4\u00dfig und nach Art.\u00a06 Abs.\u00a01 S.\u00a01\u00a0lit.\u00a0b DSGVO f\u00fcr die Abwicklung von Vertragsverh\u00e4ltni\u00dfen mit Ihnen erforderlich ist.<\/span><\/p>\n<p style=\"color: #000000; font-family: 'Times New Roman'; font-size: medium; font-variant-ligatures: normal; background-color: #8ecae8;\"><strong><span style=\"font-family: 'comic sans ms', sans-serif; font-size: 10pt;\">4. Cookies<\/span><\/strong><\/p>\n<p style=\"color: #000000; font-family: 'Times New Roman'; font-size: medium; font-variant-ligatures: normal; background-color: #8ecae8;\"><span style=\"font-family: 'comic sans ms', sans-serif; font-size: 10pt;\">Wir setzen auf unserer Seite Cookies ein. Hierbei handelt es sich um kleine Dateien, die Ihr Browser automatisch erstellt und die auf Ihrem Endger\u00e4t (Laptop, Tablet, Smartphone o.\u00e4.) gespeichert werden, wenn Sie unsere Seite besuchen. Cookies richten auf Ihrem Endger\u00e4t keinen Schaden an, enthalten keine Viren, Trojaner oder sonstige Schadsoftware.<\/span><\/p>\n<p style=\"color: #000000; font-family: 'Times New Roman'; font-size: medium; font-variant-ligatures: normal; background-color: #8ecae8;\"><span style=\"font-family: 'comic sans ms', sans-serif; font-size: 10pt;\">In dem Cookie werden Informationen abgelegt, die sich jeweils im Zusammenhang mit dem spezifisch eingesetzten Endger\u00e4t ergeben. Dies bedeutet jedoch nicht, da\u00df wir dadurch unmittelbar Kenntnis von Ihrer Identit\u00e4t erhalten.<\/span><\/p>\n<p style=\"color: #000000; font-family: 'Times New Roman'; font-size: medium; font-variant-ligatures: normal; background-color: #8ecae8;\"><span style=\"font-family: 'comic sans ms', sans-serif; font-size: 10pt;\">Der Einsatz von Cookies dient einerseits dazu, die Nutzung unseres Angebots f\u00fcr Sie angenehmer zu gestalten. So setzen wir sogenannte Se\u00dfion-Cookies ein, um zu erkennen, da\u00df Sie einzelne Seiten unserer Website bereits besucht haben. Diese werden nach Verla\u00dfen unserer Seite automatisch gel\u00f6scht.<\/span><\/p>\n<p style=\"color: #000000; font-family: 'Times New Roman'; font-size: medium; font-variant-ligatures: normal; background-color: #8ecae8;\"><span style=\"font-family: 'comic sans ms', sans-serif; font-size: 10pt;\">Dar\u00fcber hinaus setzen wir ebenfalls zur Optimierung der Benutzerfreundlichkeit tempor\u00e4re Cookies ein, die f\u00fcr einen bestimmten festgelegten Zeitraum auf Ihrem Endger\u00e4t gespeichert werden. Besuchen Sie unsere Seite erneut, um unsere Dienste in Anspruch zu nehmen, wird automatisch erkannt, da\u00df Sie bereits bei uns waren und welche Eingaben und Einstellungen sie get\u00e4tigt haben, um diese nicht noch einmal eingeben zu m\u00fc\u00dfen.<\/span><\/p>\n<p style=\"color: #000000; font-family: 'Times New Roman'; font-size: medium; font-variant-ligatures: normal; background-color: #8ecae8;\"><span style=\"font-family: 'comic sans ms', sans-serif; font-size: 10pt;\">Zum anderen setzten wir Cookies ein, um die Nutzung unserer Website statistisch zu erfa\u00dfen und zum Zwecke der Optimierung unseres Angebotes f\u00fcr Sie auszuwerten (siehe Ziff.\u00a05). Diese Cookies erm\u00f6glichen es uns, bei einem erneuten Besuch unserer Seite automatisch zu erkennen, da\u00df Sie bereits bei uns waren. Diese Cookies werden nach einer jeweils definierten Zeit automatisch gel\u00f6scht.<\/span><\/p>\n<p style=\"color: #000000; font-family: 'Times New Roman'; font-size: medium; font-variant-ligatures: normal; background-color: #8ecae8;\"><span style=\"font-family: 'comic sans ms', sans-serif; font-size: 10pt;\">Die durch Cookies verarbeiteten Daten sind f\u00fcr die genannten Zwecke zur Wahrung unserer berechtigten Intere\u00dfen sowie der Dritter nach Art.\u00a06 Abs.\u00a01 S.\u00a01\u00a0lit.\u00a0f DSGVO erforderlich.<\/span><\/p>\n<p style=\"color: #000000; font-family: 'Times New Roman'; font-size: medium; font-variant-ligatures: normal; background-color: #8ecae8;\"><span style=\"font-family: 'comic sans ms', sans-serif; font-size: 10pt;\">Die meisten Browser akzeptieren Cookies automatisch. Sie k\u00f6nnen Ihren Browser jedoch so konfigurieren, da\u00df keine Cookies auf Ihrem Computer gespeichert werden oder stets ein Hinweis erscheint, bevor\u00a0ein neuer Cookieangelegt wird. Die vollst\u00e4ndige Deaktivierung von Cookies kann jedoch dazu f\u00fchren, da\u00df Sie nicht alle Funktionen unserer Website nutzen k\u00f6nnen.<\/span><\/p>\n<p style=\"color: #000000; font-family: 'Times New Roman'; font-size: medium; font-variant-ligatures: normal; background-color: #8ecae8;\"><strong><span style=\"font-family: 'comic sans ms', sans-serif; font-size: 10pt;\">5.\u00a0Social\u00a0Media Plug-ins<\/span><\/strong><\/p>\n<p style=\"color: #000000; font-family: 'Times New Roman'; font-size: medium; font-variant-ligatures: normal; background-color: #8ecae8;\"><span style=\"font-family: 'comic sans ms', sans-serif; font-size: 10pt;\">Wir setzen auf unserer Website auf Grundlage des Art.\u00a06 Abs.\u00a01 S.\u00a01\u00a0lit.\u00a0f DSGVO\u00a0Social\u00a0Plug-ins der sozialen Netzwerke Facebook, Twitter und Instagram ein, um unsere Kanzlei hier\u00fcber bekannter zu machen. Der dahinterstehende werbliche Zweck ist als berechtigtes Intere\u00dfe im Sinne der DSGVO anzusehen. Die Verantwortung f\u00fcr den datenschutzkonformen Betrieb ist durch deren jeweiligen Anbieter zu gew\u00e4hrleisten. Die Einbindung dieser Plug-ins durch uns erfolgt im Wege der sogenannten Zwei-Klick-Methode um Besucher unserer Webseite bestm\u00f6glich zu sch\u00fctzen.<\/span><\/p>\n<p style=\"color: #000000; font-family: 'Times New Roman'; font-size: medium; font-variant-ligatures: normal; background-color: #8ecae8;\"><span style=\"font-family: 'comic sans ms', sans-serif; font-size: 10pt;\">&#8211; Facebook<\/span><\/p>\n<p style=\"color: #000000; font-family: 'Times New Roman'; font-size: medium; font-variant-ligatures: normal; background-color: #8ecae8;\"><span style=\"font-family: 'comic sans ms', sans-serif; font-size: 10pt;\">Auf unserer Website kommen\u00a0Social-Media\u00a0Plugins\u00a0von Facebook zum Einsatz, um deren Nutzung pers\u00f6nlicher zu gestalten. Hierf\u00fcr nutzen wir den \ufffdLIKE\ufffd oder \ufffdTEILEN\ufffd-Button. Es handelt sich dabei um ein Angebot von Facebook.<\/span><\/p>\n<p style=\"color: #000000; font-family: 'Times New Roman'; font-size: medium; font-variant-ligatures: normal; background-color: #8ecae8;\"><span style=\"font-family: 'comic sans ms', sans-serif; font-size: 10pt;\">Wenn Sie eine Seite unseres Webauftritts aufrufen, die ein solches\u00a0Plugin\u00a0enth\u00e4lt, baut Ihr Browser eine direkte Verbindung mit den Servern von Facebook auf. Der Inhalt des\u00a0Plugins\u00a0wird von Facebook direkt an Ihren Browser \u00fcbermittelt und von diesem in die Webseite eingebunden.<\/span><\/p>\n<p style=\"color: #000000; font-family: 'Times New Roman'; font-size: medium; font-variant-ligatures: normal; background-color: #8ecae8;\"><span style=\"font-family: 'comic sans ms', sans-serif; font-size: 10pt;\">Durch die Einbindung der\u00a0Plugins\u00a0erh\u00e4lt Facebook die Information, da\u00df Ihr Browser die entsprechende Seite unseres Webauftritts aufgerufen hat, auch wenn Sie kein Facebook-Konto besitzen oder gerade nicht bei Facebook eingeloggt sind. Diese Information (einschlie\u00dflich Ihrer IP-Adre\u00dfe) wird von Ihrem Browser direkt an einen Server von Facebook in den USA \u00fcbermittelt und dort gespeichert.<\/span><\/p>\n<p style=\"color: #000000; font-family: 'Times New Roman'; font-size: medium; font-variant-ligatures: normal; background-color: #8ecae8;\"><span style=\"font-family: 'comic sans ms', sans-serif; font-size: 10pt;\">Sind Sie bei Facebook eingeloggt, kann Facebook den Besuch unserer Website Ihrem Facebook-Konto direkt zuordnen. Wenn Sie mit den\u00a0Plugins\u00a0interagieren, zum Beispiel den \ufffdLIKE\ufffd oder \ufffdTEILEN\ufffd-Button bet\u00e4tigen, wird die entsprechende Information ebenfalls direkt an einen Server von Facebook \u00fcbermittelt und dort gespeichert. Die Informationen werden zudem auf Facebook ver\u00f6ffentlicht und Ihren Facebook-Freunden angezeigt.<\/span><\/p>\n<p style=\"color: #000000; font-family: 'Times New Roman'; font-size: medium; font-variant-ligatures: normal; background-color: #8ecae8;\"><span style=\"font-family: 'comic sans ms', sans-serif; font-size: 10pt;\">Facebook kann diese Informationen zum Zwecke der Werbung, Marktforschung und bedarfsgerechten Gestaltung der Facebook-Seiten benutzen. Hierzu werden von Facebook Nutzungs-, Intere\u00dfen- und Beziehungsprofile erstellt, z.\u00a0B. um Ihre Nutzung unserer Website im Hinblick auf die Ihnen bei Facebook eingeblendeten Werbeanzeigen auszuwerten, andere Facebook-Nutzer \u00fcber Ihre Aktivit\u00e4ten auf unserer Website zu informieren und um weitere mit der Nutzung von Facebook verbundene Dienstleistungen zu erbringen.<\/span><\/p>\n<p style=\"color: #000000; font-family: 'Times New Roman'; font-size: medium; font-variant-ligatures: normal; background-color: #8ecae8;\"><span style=\"font-family: 'comic sans ms', sans-serif; font-size: 10pt;\">Wenn Sie nicht m\u00f6chten, da\u00df Facebook die \u00fcber unseren Webauftritt gesammelten Daten Ihrem Facebook-Konto zuordnet, m\u00fc\u00dfen Sie sich vor Ihrem Besuch unserer Website bei Facebook ausloggen.<\/span><\/p>\n<p style=\"color: #000000; font-family: 'Times New Roman'; font-size: medium; font-variant-ligatures: normal; background-color: #8ecae8;\"><span style=\"font-family: 'comic sans ms', sans-serif; font-size: 10pt;\">Zweck und Umfang der Datenerhebung und die weitere Verarbeitung und Nutzung der Daten durch Facebook sowie Ihre diesbez\u00fcglichen Rechte und Einstellungsm\u00f6glichkeiten zum Schutz Ihrer Privatsph\u00e4re entnehmen Sie bitte den Datenschutzhinweisen (<a style=\"color: #0088cc;\" href=\"https:\/\/web.archive.org\/web\/20230328210706\/https:\/\/www.facebook.com\/about\/privacy\/\">https:\/\/www.facebook.com\/about\/privacy\/<\/a>) von Facebook.<\/span><\/p>\n<p style=\"color: #000000; font-family: 'Times New Roman'; font-size: medium; font-variant-ligatures: normal; background-color: #8ecae8;\"><strong><span style=\"font-family: 'comic sans ms', sans-serif; font-size: 10pt;\">6. Betroffenenrechte<\/span><\/strong><\/p>\n<p style=\"color: #000000; font-family: 'Times New Roman'; font-size: medium; font-variant-ligatures: normal; background-color: #8ecae8;\"><span style=\"font-family: 'comic sans ms', sans-serif; font-size: 10pt;\">Sie haben das Recht:<\/span><\/p>\n<p style=\"color: #000000; font-family: 'Times New Roman'; font-size: medium; font-variant-ligatures: normal; background-color: #8ecae8;\"><span style=\"font-family: 'comic sans ms', sans-serif; font-size: 10pt;\">gem\u00e4\u00df Art.\u00a015 DSGVO Auskunft \u00fcber Ihre von uns verarbeiteten personenbezogenen Daten zu verlangen. Insbesondere k\u00f6nnen Sie Auskunft \u00fcber die Verarbeitungszwecke, die Kategorie der personenbezogenen Daten, die Kategorien von Empf\u00e4ngern, gegen\u00fcber denen Ihre Daten offengelegt wurden oder werden, die geplante Speicherdauer, das Bestehen eines Rechts auf Berichtigung, L\u00f6schung, Einschr\u00e4nkung der Verarbeitung oder Widerspruch, das Bestehen eines Beschwerderechts, die Herkunft ihrer Daten, sofern diese nicht bei uns erhoben wurden, sowie \u00fcber das Bestehen einer automatisierten Entscheidungsfindung einschlie\u00dflich\u00a0Profiling\u00a0und ggf. au\u00dfagekr\u00e4ftigen Informationen zu deren Einzelheiten verlangen;<\/span>\n<span style=\"font-family: 'comic sans ms', sans-serif; font-size: 10pt;\">gem\u00e4\u00df Art.\u00a016 DSGVO unverz\u00fcglich die Berichtigung unrichtiger oder Vervollst\u00e4ndigung Ihrer bei uns gespeicherten personenbezogenen Daten zu verlangen;<\/span>\n<span style=\"font-family: 'comic sans ms', sans-serif; font-size: 10pt;\">gem\u00e4\u00df Art.\u00a017 DSGVO die L\u00f6schung Ihrer bei uns gespeicherten personenbezogenen Daten zu verlangen, soweit nicht die Verarbeitung zur Aus\u00fcbung des Rechts auf freie Meinungs\u00e4u\u00dferung und Information, zur Erf\u00fcllung einer rechtlichen Verpflichtung, aus Gr\u00fcnden des \u00f6ffentlichen Intere\u00dfes oder zur Geltendmachung, Aus\u00fcbung oder Verteidigung von Rechtsanspr\u00fcchen erforderlich ist;<\/span>\n<span style=\"font-family: 'comic sans ms', sans-serif; font-size: 10pt;\">gem\u00e4\u00df Art.\u00a018 DSGVO die Einschr\u00e4nkung der Verarbeitung Ihrer personenbezogenen Daten zu verlangen, soweit die Richtigkeit der Daten von Ihnen bestritten wird, die Verarbeitung unrechtm\u00e4\u00dfig ist, Sie aber deren L\u00f6schung ablehnen und wir die Daten nicht mehr ben\u00f6tigen, Sie jedoch diese zur Geltendmachung, Aus\u00fcbung oder Verteidigung von Rechtsanspr\u00fcchen ben\u00f6tigen oder Sie gem\u00e4\u00df Art.\u00a021 DSGVO Widerspruch gegen die Verarbeitung eingelegt haben; gem\u00e4\u00df Art.\u00a020 DSGVO Ihre personenbezogenen Daten, die Sie uns bereitgestellt haben, in einem strukturierten, g\u00e4ngigen und maschinenlesebaren Format zu erhalten oder die \u00fcbermittlung an einen anderen Verantwortlichen zu verlangen; gem\u00e4\u00df Art.\u00a07 Abs.\u00a03 DSGVO Ihre einmal erteilte Einwilligung jederzeit gegen\u00fcber uns zu widerrufen. Dies hat zur Folge, da\u00df wir die Datenverarbeitung, die auf dieser Einwilligung beruhte, f\u00fcr die Zukunft nicht mehr fortf\u00fchren d\u00fcrfen und gem\u00e4\u00df Art.\u00a077 DSGVO sich bei einer Aufsichtsbeh\u00f6rde zu beschweren. In der Regel k\u00f6nnen Sie sich hierf\u00fcr an die Aufsichtsbeh\u00f6rde Ihres \u00fcblichen Aufenthaltsortes oder Arbeitsplatzes oder unseres Kanzleisitzes wenden.<\/span><\/p>\n<p style=\"color: #000000; font-family: 'Times New Roman'; font-size: medium; font-variant-ligatures: normal; background-color: #8ecae8;\"><strong><span style=\"font-family: 'comic sans ms', sans-serif; font-size: 10pt;\">7. Widerspruchsrecht<\/span><\/strong><\/p>\n<p style=\"color: #000000; font-family: 'Times New Roman'; font-size: medium; font-variant-ligatures: normal; background-color: #8ecae8;\"><span style=\"font-family: 'comic sans ms', sans-serif; font-size: 10pt;\">Sofern Ihre personenbezogenen Daten auf Grundlage von berechtigten Intere\u00dfen gem\u00e4\u00df Art.\u00a06 Abs.\u00a01 S.\u00a01\u00a0lit.\u00a0f DSGVO verarbeitet werden, haben Sie das Recht, gem\u00e4\u00df Art.\u00a021 DSGVO Widerspruch gegen die Verarbeitung Ihrer personenbezogenen Daten einzulegen, soweit daf\u00fcr Gr\u00fcnde vorliegen, die sich aus Ihrer besonderen Situation ergeben oder sich der Widerspruch gegen Direktwerbung richtet. Im letzteren Fall haben Sie ein generelles Widerspruchsrecht, das ohne Angabe einer besonderen Situation von uns umgesetzt wird.<\/span><\/p>\n<p style=\"color: #000000; font-family: 'Times New Roman'; font-size: medium; font-variant-ligatures: normal; background-color: #8ecae8;\"><span style=\"font-family: 'comic sans ms', sans-serif; font-size: 10pt;\">M\u00f6chten Sie von Ihrem Widerrufs- oder Widerspruchsrecht Gebrauch machen, gen\u00fcgt eine E-Mail\u00a0an\u00a0<a style=\"color: #0088cc;\" href=\"mailto:webmaster@kirchenchor-vorst.de\">webmaster@kirchenchor-vorst.de<\/a>\u00a0\u00a0<\/span><\/p>\n<p style=\"color: #000000; font-family: 'Times New Roman'; font-size: medium; font-variant-ligatures: normal; background-color: #8ecae8;\"><strong><span style=\"font-family: 'comic sans ms', sans-serif; font-size: 10pt;\">8. Datensicherheit<\/span><\/strong><\/p>\n<p style=\"color: #000000; font-family: 'Times New Roman'; font-size: medium; font-variant-ligatures: normal; background-color: #8ecae8;\"><span style=\"font-family: 'comic sans ms', sans-serif; font-size: 10pt;\">Wir bedienen uns geeigneter technischer und organisatorischer Sicherheitsma\u00dfnahmen, um Ihre Daten gegen zuf\u00e4llige oder vors\u00e4tzliche Manipulationen, teilweisen oder vollst\u00e4ndigen Verlust, Zerst\u00f6rung oder gegen den unbefugten Zugriff Dritter zu sch\u00fctzen. Unsere Sicherheitsma\u00dfnahmen werden entsprechend der technologischen Entwicklung fortlaufend verbe\u00dfert.<\/span><\/p>\n<p style=\"color: #000000; font-family: 'Times New Roman'; font-size: medium; font-variant-ligatures: normal; background-color: #8ecae8;\"><strong><span style=\"font-family: 'comic sans ms', sans-serif; font-size: 10pt;\">9. Aktualit\u00e4t und \u00e4nderung dieser Datenschutzerkl\u00e4rung<\/span><\/strong><\/p>\n<p style=\"color: #000000; font-family: 'Times New Roman'; font-size: medium; font-variant-ligatures: normal; background-color: #8ecae8;\"><span style=\"font-family: 'comic sans ms', sans-serif; font-size: 10pt;\">Diese Datenschutzerkl\u00e4rung ist aktuell g\u00fcltig und hat den Stand Mai 2018.<\/span><\/p>\n<p style=\"color: #000000; font-family: 'Times New Roman'; font-size: medium; font-variant-ligatures: normal; background-color: #8ecae8;\"><span style=\"font-family: 'comic sans ms', sans-serif; font-size: 10pt;\">Durch die Weiterentwicklung unserer Website und Angebote dar\u00fcber oder aufgrund ge\u00e4nderter gesetzlicher beziehungsweise beh\u00f6rdlicher Vorgaben kann es notwendig werden, diese Datenschutzerkl\u00e4rung zu \u00e4ndern. Die jeweils aktuelle Datenschutzerkl\u00e4rung kann jederzeit auf der Website unter\u00a0<a style=\"color: #0088cc;\" href=\"https:\/\/web.archive.org\/web\/20230328210706\/https:\/\/kirchenchor-vorst.de\/index.php\/impressum\">http:\/\/kirchenchor-vorst.de\/index.php\/impressum<\/a>\u00a0von Ihnen abgerufen und ausgedruckt werden.<\/span><\/p>\n<span style=\"color: #000000; font-variant-ligatures: normal; background-color: #8ecae8; font-family: 'comic sans ms', sans-serif; font-size: 10pt;\">Das Impressum dieser Homepage wurde mit dem\u00a0<a style=\"color: #0088cc;\" href=\"https:\/\/web.archive.org\/web\/20230328210706\/http:\/\/www.impressum-generator.de\/\">Impressum Generator<\/a>\u00a0der\u00a0<a style=\"color: #0088cc;\" href=\"https:\/\/web.archive.org\/web\/20230328210706\/http:\/\/www.kanzlei-hasselbach.de\/\" rel=\"nofollow\">Kanzlei Hasselbach<\/a>\u00a0erstellt.<\/span>\t\t\t\t\t\t\t\t<\/div>\n\t\t\t\t<\/div>\n\t\t\t\t\t<\/div>\n\t\t\t\t<\/div>\n\t\t\t\t<\/div>\n\t\t","protected":false},"excerpt":{"rendered":"<p>Angaben gem\u00e4\u00df \u00a7 5 TMG Katholischer Kirchenchor St. C\u00e4cilia an St. Antonius Vorst e.V. 1. Vorsitzende: Claudia Bousch Oststrasse 20 41352 Korschenbroich\u00a0 Kontakt: Telefon:\u00a0+49 (176) 62935939 E-Mail: Vorstand@kirchenchor-vorst.de Verantwortlich f\u00fcr [&hellip;]<\/p>\n","protected":false},"author":1,"featured_media":0,"parent":0,"menu_order":0,"comment_status":"closed","ping_status":"closed","template":"","meta":{"footnotes":""},"_links":{"self":[{"href":"https:\/\/kirchenchor-vorst.de\/index.php?rest_route=\/wp\/v2\/pages\/660"}],"collection":[{"href":"https:\/\/kirchenchor-vorst.de\/index.php?rest_route=\/wp\/v2\/pages"}],"about":[{"href":"https:\/\/kirchenchor-vorst.de\/index.php?rest_route=\/wp\/v2\/types\/page"}],"author":[{"embeddable":true,"href":"https:\/\/kirchenchor-vorst.de\/index.php?rest_route=\/wp\/v2\/users\/1"}],"replies":[{"embeddable":true,"href":"https:\/\/kirchenchor-vorst.de\/index.php?rest_route=%2Fwp%2Fv2%2Fcomments&post=660"}],"version-history":[{"count":36,"href":"https:\/\/kirchenchor-vorst.de\/index.php?rest_route=\/wp\/v2\/pages\/660\/revisions"}],"predecessor-version":[{"id":2352,"href":"https:\/\/kirchenchor-vorst.de\/index.php?rest_route=\/wp\/v2\/pages\/660\/revisions\/2352"}],"wp:attachment":[{"href":"https:\/\/kirchenchor-vorst.de\/index.php?rest_route=%2Fwp%2Fv2%2Fmedia&parent=660"}],"curies":[{"name":"wp","href":"https:\/\/api.w.org\/{rel}","templated":true}]}}