{"id":1827,"date":"2023-10-26T19:57:59","date_gmt":"2023-10-26T19:57:59","guid":{"rendered":"https:\/\/kirchenchor-vorst.de\/?page_id=1827"},"modified":"2023-10-26T20:00:32","modified_gmt":"2023-10-26T20:00:32","slug":"jubilaeumsausflug-2023","status":"publish","type":"page","link":"https:\/\/kirchenchor-vorst.de\/?page_id=1827","title":{"rendered":"Jubil\u00e4umsausflug 2023"},"content":{"rendered":"\t\t<div data-elementor-type=\"wp-page\" data-elementor-id=\"1827\" class=\"elementor elementor-1827\">\n\t\t\t\t<div class=\"elementor-element elementor-element-02cec37 e-flex e-con-boxed e-con e-parent\" data-id=\"02cec37\" data-element_type=\"container\">\n\t\t\t\t\t<div class=\"e-con-inner\">\n\t\t\t\t<div class=\"elementor-element elementor-element-4d379f6 elementor-widget elementor-widget-image-gallery\" data-id=\"4d379f6\" data-element_type=\"widget\" data-widget_type=\"image-gallery.default\">\n\t\t\t\t<div class=\"elementor-widget-container\">\n\t\t\t\t\t\t\t<div class=\"elementor-image-gallery\">\n\t\t\t\n\t\t<style type=\"text\/css\">\n\t\t\t#gallery-1 {\n\t\t\t\tmargin: auto;\n\t\t\t}\n\t\t\t#gallery-1 .gallery-item {\n\t\t\t\tfloat: left;\n\t\t\t\tmargin-top: 10px;\n\t\t\t\ttext-align: center;\n\t\t\t\twidth: 25%;\n\t\t\t}\n\t\t\t#gallery-1 img {\n\t\t\t\tborder: 2px solid #cfcfcf;\n\t\t\t}\n\t\t\t#gallery-1 .gallery-caption {\n\t\t\t\tmargin-left: 0;\n\t\t\t}\n\t\t\t\/* see gallery_shortcode() in wp-includes\/media.php *\/\n\t\t<\/style>\n\t\t<div id='gallery-1' class='gallery galleryid-1827 gallery-columns-4 gallery-size-thumbnail'><dl class='gallery-item'>\n\t\t\t<dt class='gallery-icon portrait'>\n\t\t\t\t<a data-elementor-open-lightbox=\"yes\" data-elementor-lightbox-slideshow=\"4d379f6\" data-elementor-lightbox-title=\"d004512e-bd15-4538-9b64-226b7b90fac3\" data-e-action-hash=\"#elementor-action%3Aaction%3Dlightbox%26settings%3DeyJpZCI6MTE0MiwidXJsIjoiaHR0cHM6XC9cL2tpcmNoZW5jaG9yLXZvcnN0LmRlXC93cC1jb250ZW50XC91cGxvYWRzXC8yMDIzXC8xMFwvZDAwNDUxMmUtYmQxNS00NTM4LTliNjQtMjI2YjdiOTBmYWMzLmpwZyIsInNsaWRlc2hvdyI6IjRkMzc5ZjYifQ%3D%3D\" href='https:\/\/kirchenchor-vorst.de\/wp-content\/uploads\/2023\/10\/d004512e-bd15-4538-9b64-226b7b90fac3.jpg'><img decoding=\"async\" width=\"150\" height=\"150\" src=\"https:\/\/kirchenchor-vorst.de\/wp-content\/uploads\/2023\/10\/d004512e-bd15-4538-9b64-226b7b90fac3-150x150.jpg\" class=\"attachment-thumbnail size-thumbnail\" alt=\"\" aria-describedby=\"gallery-1-1142\" srcset=\"https:\/\/kirchenchor-vorst.de\/wp-content\/uploads\/2023\/10\/d004512e-bd15-4538-9b64-226b7b90fac3-150x150.jpg 150w, https:\/\/kirchenchor-vorst.de\/wp-content\/uploads\/2023\/10\/d004512e-bd15-4538-9b64-226b7b90fac3-100x100.jpg 100w\" sizes=\"(max-width: 150px) 100vw, 150px\" \/><\/a>\n\t\t\t<\/dt>\n\t\t\t\t<dd class='wp-caption-text gallery-caption' id='gallery-1-1142'>\n\t\t\t\tnach einer erfolgreichen Sitzung\n\t\t\t\t<\/dd><\/dl><dl class='gallery-item'>\n\t\t\t<dt class='gallery-icon landscape'>\n\t\t\t\t<a data-elementor-open-lightbox=\"yes\" data-elementor-lightbox-slideshow=\"4d379f6\" data-elementor-lightbox-title=\"IMG_1671\" data-e-action-hash=\"#elementor-action%3Aaction%3Dlightbox%26settings%3DeyJpZCI6MTE0NSwidXJsIjoiaHR0cHM6XC9cL2tpcmNoZW5jaG9yLXZvcnN0LmRlXC93cC1jb250ZW50XC91cGxvYWRzXC8yMDIzXC8xMFwvSU1HXzE2NzEuanBnIiwic2xpZGVzaG93IjoiNGQzNzlmNiJ9\" href='https:\/\/kirchenchor-vorst.de\/wp-content\/uploads\/2023\/10\/IMG_1671.jpg'><img decoding=\"async\" width=\"150\" height=\"150\" src=\"https:\/\/kirchenchor-vorst.de\/wp-content\/uploads\/2023\/10\/IMG_1671-150x150.jpg\" class=\"attachment-thumbnail size-thumbnail\" alt=\"\" aria-describedby=\"gallery-1-1145\" srcset=\"https:\/\/kirchenchor-vorst.de\/wp-content\/uploads\/2023\/10\/IMG_1671-150x150.jpg 150w, https:\/\/kirchenchor-vorst.de\/wp-content\/uploads\/2023\/10\/IMG_1671-100x100.jpg 100w\" sizes=\"(max-width: 150px) 100vw, 150px\" \/><\/a>\n\t\t\t<\/dt>\n\t\t\t\t<dd class='wp-caption-text gallery-caption' id='gallery-1-1145'>\n\t\t\t\tVor dem Seehotel\n\t\t\t\t<\/dd><\/dl><dl class='gallery-item'>\n\t\t\t<dt class='gallery-icon portrait'>\n\t\t\t\t<a data-elementor-open-lightbox=\"yes\" data-elementor-lightbox-slideshow=\"4d379f6\" data-elementor-lightbox-title=\"1856037b-b46e-4f83-8976-3a14e6fdd856\" data-e-action-hash=\"#elementor-action%3Aaction%3Dlightbox%26settings%3DeyJpZCI6MTEzOCwidXJsIjoiaHR0cHM6XC9cL2tpcmNoZW5jaG9yLXZvcnN0LmRlXC93cC1jb250ZW50XC91cGxvYWRzXC8yMDIzXC8xMFwvMTg1NjAzN2ItYjQ2ZS00ZjgzLTg5NzYtM2ExNGU2ZmRkODU2LmpwZyIsInNsaWRlc2hvdyI6IjRkMzc5ZjYifQ%3D%3D\" href='https:\/\/kirchenchor-vorst.de\/wp-content\/uploads\/2023\/10\/1856037b-b46e-4f83-8976-3a14e6fdd856.jpg'><img decoding=\"async\" width=\"150\" height=\"150\" src=\"https:\/\/kirchenchor-vorst.de\/wp-content\/uploads\/2023\/10\/1856037b-b46e-4f83-8976-3a14e6fdd856-150x150.jpg\" class=\"attachment-thumbnail size-thumbnail\" alt=\"\" aria-describedby=\"gallery-1-1138\" srcset=\"https:\/\/kirchenchor-vorst.de\/wp-content\/uploads\/2023\/10\/1856037b-b46e-4f83-8976-3a14e6fdd856-150x150.jpg 150w, https:\/\/kirchenchor-vorst.de\/wp-content\/uploads\/2023\/10\/1856037b-b46e-4f83-8976-3a14e6fdd856-100x100.jpg 100w\" sizes=\"(max-width: 150px) 100vw, 150px\" \/><\/a>\n\t\t\t<\/dt>\n\t\t\t\t<dd class='wp-caption-text gallery-caption' id='gallery-1-1138'>\n\t\t\t\tDer &#8220;Reiseleiter&#8221;\n\t\t\t\t<\/dd><\/dl><dl class='gallery-item'>\n\t\t\t<dt class='gallery-icon portrait'>\n\t\t\t\t<a data-elementor-open-lightbox=\"yes\" data-elementor-lightbox-slideshow=\"4d379f6\" data-elementor-lightbox-title=\"7ffb6700-efea-4787-aa75-0f1ed0a07d20\" data-e-action-hash=\"#elementor-action%3Aaction%3Dlightbox%26settings%3DeyJpZCI6MTEzMiwidXJsIjoiaHR0cHM6XC9cL2tpcmNoZW5jaG9yLXZvcnN0LmRlXC93cC1jb250ZW50XC91cGxvYWRzXC8yMDIzXC8xMFwvN2ZmYjY3MDAtZWZlYS00Nzg3LWFhNzUtMGYxZWQwYTA3ZDIwLmpwZyIsInNsaWRlc2hvdyI6IjRkMzc5ZjYifQ%3D%3D\" href='https:\/\/kirchenchor-vorst.de\/wp-content\/uploads\/2023\/10\/7ffb6700-efea-4787-aa75-0f1ed0a07d20.jpg'><img loading=\"lazy\" decoding=\"async\" width=\"150\" height=\"150\" src=\"https:\/\/kirchenchor-vorst.de\/wp-content\/uploads\/2023\/10\/7ffb6700-efea-4787-aa75-0f1ed0a07d20-150x150.jpg\" class=\"attachment-thumbnail size-thumbnail\" alt=\"\" aria-describedby=\"gallery-1-1132\" srcset=\"https:\/\/kirchenchor-vorst.de\/wp-content\/uploads\/2023\/10\/7ffb6700-efea-4787-aa75-0f1ed0a07d20-150x150.jpg 150w, https:\/\/kirchenchor-vorst.de\/wp-content\/uploads\/2023\/10\/7ffb6700-efea-4787-aa75-0f1ed0a07d20-100x100.jpg 100w\" sizes=\"(max-width: 150px) 100vw, 150px\" \/><\/a>\n\t\t\t<\/dt>\n\t\t\t\t<dd class='wp-caption-text gallery-caption' id='gallery-1-1132'>\n\t\t\t\tLetzte Infos\n\t\t\t\t<\/dd><\/dl><br style=\"clear: both\" \/><dl class='gallery-item'>\n\t\t\t<dt class='gallery-icon landscape'>\n\t\t\t\t<a data-elementor-open-lightbox=\"yes\" data-elementor-lightbox-slideshow=\"4d379f6\" data-elementor-lightbox-title=\"E-Schiff-Moewe-1-scaled\" data-e-action-hash=\"#elementor-action%3Aaction%3Dlightbox%26settings%3DeyJpZCI6MTE0NiwidXJsIjoiaHR0cHM6XC9cL2tpcmNoZW5jaG9yLXZvcnN0LmRlXC93cC1jb250ZW50XC91cGxvYWRzXC8yMDIzXC8xMFwvRS1TY2hpZmYtTW9ld2UtMS1zY2FsZWQtMS5qcGciLCJzbGlkZXNob3ciOiI0ZDM3OWY2In0%3D\" href='https:\/\/kirchenchor-vorst.de\/wp-content\/uploads\/2023\/10\/E-Schiff-Moewe-1-scaled-1.jpg'><img loading=\"lazy\" decoding=\"async\" width=\"150\" height=\"150\" src=\"https:\/\/kirchenchor-vorst.de\/wp-content\/uploads\/2023\/10\/E-Schiff-Moewe-1-scaled-1-150x150.jpg\" class=\"attachment-thumbnail size-thumbnail\" alt=\"\" aria-describedby=\"gallery-1-1146\" srcset=\"https:\/\/kirchenchor-vorst.de\/wp-content\/uploads\/2023\/10\/E-Schiff-Moewe-1-scaled-1-150x150.jpg 150w, https:\/\/kirchenchor-vorst.de\/wp-content\/uploads\/2023\/10\/E-Schiff-Moewe-1-scaled-1-100x100.jpg 100w\" sizes=\"(max-width: 150px) 100vw, 150px\" \/><\/a>\n\t\t\t<\/dt>\n\t\t\t\t<dd class='wp-caption-text gallery-caption' id='gallery-1-1146'>\n\t\t\t\tDie &#8220;M\u00d6WE&#8221;\n\t\t\t\t<\/dd><\/dl><dl class='gallery-item'>\n\t\t\t<dt class='gallery-icon landscape'>\n\t\t\t\t<a data-elementor-open-lightbox=\"yes\" data-elementor-lightbox-slideshow=\"4d379f6\" data-elementor-lightbox-title=\"d213b275-0e0d-47a8-9a23-b7e244989ce0\" data-e-action-hash=\"#elementor-action%3Aaction%3Dlightbox%26settings%3DeyJpZCI6MTE0MSwidXJsIjoiaHR0cHM6XC9cL2tpcmNoZW5jaG9yLXZvcnN0LmRlXC93cC1jb250ZW50XC91cGxvYWRzXC8yMDIzXC8xMFwvZDIxM2IyNzUtMGUwZC00N2E4LTlhMjMtYjdlMjQ0OTg5Y2UwLmpwZyIsInNsaWRlc2hvdyI6IjRkMzc5ZjYifQ%3D%3D\" href='https:\/\/kirchenchor-vorst.de\/wp-content\/uploads\/2023\/10\/d213b275-0e0d-47a8-9a23-b7e244989ce0.jpg'><img loading=\"lazy\" decoding=\"async\" width=\"150\" height=\"150\" src=\"https:\/\/kirchenchor-vorst.de\/wp-content\/uploads\/2023\/10\/d213b275-0e0d-47a8-9a23-b7e244989ce0-150x150.jpg\" class=\"attachment-thumbnail size-thumbnail\" alt=\"\" aria-describedby=\"gallery-1-1141\" srcset=\"https:\/\/kirchenchor-vorst.de\/wp-content\/uploads\/2023\/10\/d213b275-0e0d-47a8-9a23-b7e244989ce0-150x150.jpg 150w, https:\/\/kirchenchor-vorst.de\/wp-content\/uploads\/2023\/10\/d213b275-0e0d-47a8-9a23-b7e244989ce0-100x100.jpg 100w\" sizes=\"(max-width: 150px) 100vw, 150px\" \/><\/a>\n\t\t\t<\/dt>\n\t\t\t\t<dd class='wp-caption-text gallery-caption' id='gallery-1-1141'>\n\t\t\t\tAuf der M\u00f6we\n\t\t\t\t<\/dd><\/dl><dl class='gallery-item'>\n\t\t\t<dt class='gallery-icon landscape'>\n\t\t\t\t<a data-elementor-open-lightbox=\"yes\" data-elementor-lightbox-slideshow=\"4d379f6\" data-elementor-lightbox-title=\"20f3bcf3-82a8-468f-9f26-382510360292\" data-e-action-hash=\"#elementor-action%3Aaction%3Dlightbox%26settings%3DeyJpZCI6MTEzNCwidXJsIjoiaHR0cHM6XC9cL2tpcmNoZW5jaG9yLXZvcnN0LmRlXC93cC1jb250ZW50XC91cGxvYWRzXC8yMDIzXC8xMFwvMjBmM2JjZjMtODJhOC00NjhmLTlmMjYtMzgyNTEwMzYwMjkyLmpwZyIsInNsaWRlc2hvdyI6IjRkMzc5ZjYifQ%3D%3D\" href='https:\/\/kirchenchor-vorst.de\/wp-content\/uploads\/2023\/10\/20f3bcf3-82a8-468f-9f26-382510360292.jpg'><img loading=\"lazy\" decoding=\"async\" width=\"150\" height=\"150\" src=\"https:\/\/kirchenchor-vorst.de\/wp-content\/uploads\/2023\/10\/20f3bcf3-82a8-468f-9f26-382510360292-150x150.jpg\" class=\"attachment-thumbnail size-thumbnail\" alt=\"\" aria-describedby=\"gallery-1-1134\" srcset=\"https:\/\/kirchenchor-vorst.de\/wp-content\/uploads\/2023\/10\/20f3bcf3-82a8-468f-9f26-382510360292-150x150.jpg 150w, https:\/\/kirchenchor-vorst.de\/wp-content\/uploads\/2023\/10\/20f3bcf3-82a8-468f-9f26-382510360292-100x100.jpg 100w\" sizes=\"(max-width: 150px) 100vw, 150px\" \/><\/a>\n\t\t\t<\/dt>\n\t\t\t\t<dd class='wp-caption-text gallery-caption' id='gallery-1-1134'>\n\t\t\t\tman genie\u00dft die Fahrt\n\t\t\t\t<\/dd><\/dl><dl class='gallery-item'>\n\t\t\t<dt class='gallery-icon landscape'>\n\t\t\t\t<a data-elementor-open-lightbox=\"yes\" data-elementor-lightbox-slideshow=\"4d379f6\" data-elementor-lightbox-title=\"9512cbd0-4fa1-48af-afe2-837a2f43216a\" data-e-action-hash=\"#elementor-action%3Aaction%3Dlightbox%26settings%3DeyJpZCI6MTEzNiwidXJsIjoiaHR0cHM6XC9cL2tpcmNoZW5jaG9yLXZvcnN0LmRlXC93cC1jb250ZW50XC91cGxvYWRzXC8yMDIzXC8xMFwvOTUxMmNiZDAtNGZhMS00OGFmLWFmZTItODM3YTJmNDMyMTZhLmpwZyIsInNsaWRlc2hvdyI6IjRkMzc5ZjYifQ%3D%3D\" href='https:\/\/kirchenchor-vorst.de\/wp-content\/uploads\/2023\/10\/9512cbd0-4fa1-48af-afe2-837a2f43216a.jpg'><img loading=\"lazy\" decoding=\"async\" width=\"150\" height=\"150\" src=\"https:\/\/kirchenchor-vorst.de\/wp-content\/uploads\/2023\/10\/9512cbd0-4fa1-48af-afe2-837a2f43216a-150x150.jpg\" class=\"attachment-thumbnail size-thumbnail\" alt=\"\" aria-describedby=\"gallery-1-1136\" srcset=\"https:\/\/kirchenchor-vorst.de\/wp-content\/uploads\/2023\/10\/9512cbd0-4fa1-48af-afe2-837a2f43216a-150x150.jpg 150w, https:\/\/kirchenchor-vorst.de\/wp-content\/uploads\/2023\/10\/9512cbd0-4fa1-48af-afe2-837a2f43216a-100x100.jpg 100w\" sizes=\"(max-width: 150px) 100vw, 150px\" \/><\/a>\n\t\t\t<\/dt>\n\t\t\t\t<dd class='wp-caption-text gallery-caption' id='gallery-1-1136'>\n\t\t\t\tVor dem Biergarten bei &#8220;Jupp&#8221;\n\t\t\t\t<\/dd><\/dl><br style=\"clear: both\" \/><dl class='gallery-item'>\n\t\t\t<dt class='gallery-icon portrait'>\n\t\t\t\t<a data-elementor-open-lightbox=\"yes\" data-elementor-lightbox-slideshow=\"4d379f6\" data-elementor-lightbox-title=\"785cbfbc-e719-4afe-821a-3c30e54225dc\" data-e-action-hash=\"#elementor-action%3Aaction%3Dlightbox%26settings%3DeyJpZCI6MTEzNSwidXJsIjoiaHR0cHM6XC9cL2tpcmNoZW5jaG9yLXZvcnN0LmRlXC93cC1jb250ZW50XC91cGxvYWRzXC8yMDIzXC8xMFwvNzg1Y2JmYmMtZTcxOS00YWZlLTgyMWEtM2MzMGU1NDIyNWRjLmpwZyIsInNsaWRlc2hvdyI6IjRkMzc5ZjYifQ%3D%3D\" href='https:\/\/kirchenchor-vorst.de\/wp-content\/uploads\/2023\/10\/785cbfbc-e719-4afe-821a-3c30e54225dc.jpg'><img loading=\"lazy\" decoding=\"async\" width=\"150\" height=\"150\" src=\"https:\/\/kirchenchor-vorst.de\/wp-content\/uploads\/2023\/10\/785cbfbc-e719-4afe-821a-3c30e54225dc-150x150.jpg\" class=\"attachment-thumbnail size-thumbnail\" alt=\"\" aria-describedby=\"gallery-1-1135\" srcset=\"https:\/\/kirchenchor-vorst.de\/wp-content\/uploads\/2023\/10\/785cbfbc-e719-4afe-821a-3c30e54225dc-150x150.jpg 150w, https:\/\/kirchenchor-vorst.de\/wp-content\/uploads\/2023\/10\/785cbfbc-e719-4afe-821a-3c30e54225dc-100x100.jpg 100w\" sizes=\"(max-width: 150px) 100vw, 150px\" \/><\/a>\n\t\t\t<\/dt>\n\t\t\t\t<dd class='wp-caption-text gallery-caption' id='gallery-1-1135'>\n\t\t\t\tman kann nur staunen\n\t\t\t\t<\/dd><\/dl>\n\t\t\t<br style='clear: both' \/>\n\t\t<\/div>\n\t\t<\/div>\n\t\t\t\t\t\t<\/div>\n\t\t\t\t<\/div>\n\t\t\t\t\t<\/div>\n\t\t\t\t<\/div>\n\t\t\t\t<\/div>\n\t\t","protected":false},"excerpt":{"rendered":"<p>nach einer erfolgreichen Sitzung Vor dem Seehotel Der &#8220;Reiseleiter&#8221; Letzte Infos Die &#8220;M\u00d6WE&#8221; Auf der M\u00f6we man genie\u00dft die Fahrt Vor dem Biergarten bei &#8220;Jupp&#8221; man kann nur staunen<\/p>\n","protected":false},"author":1,"featured_media":0,"parent":0,"menu_order":0,"comment_status":"closed","ping_status":"closed","template":"","meta":{"footnotes":""},"_links":{"self":[{"href":"https:\/\/kirchenchor-vorst.de\/index.php?rest_route=\/wp\/v2\/pages\/1827"}],"collection":[{"href":"https:\/\/kirchenchor-vorst.de\/index.php?rest_route=\/wp\/v2\/pages"}],"about":[{"href":"https:\/\/kirchenchor-vorst.de\/index.php?rest_route=\/wp\/v2\/types\/page"}],"author":[{"embeddable":true,"href":"https:\/\/kirchenchor-vorst.de\/index.php?rest_route=\/wp\/v2\/users\/1"}],"replies":[{"embeddable":true,"href":"https:\/\/kirchenchor-vorst.de\/index.php?rest_route=%2Fwp%2Fv2%2Fcomments&post=1827"}],"version-history":[{"count":4,"href":"https:\/\/kirchenchor-vorst.de\/index.php?rest_route=\/wp\/v2\/pages\/1827\/revisions"}],"predecessor-version":[{"id":1832,"href":"https:\/\/kirchenchor-vorst.de\/index.php?rest_route=\/wp\/v2\/pages\/1827\/revisions\/1832"}],"wp:attachment":[{"href":"https:\/\/kirchenchor-vorst.de\/index.php?rest_route=%2Fwp%2Fv2%2Fmedia&parent=1827"}],"curies":[{"name":"wp","href":"https:\/\/api.w.org\/{rel}","templated":true}]}}