{"id":1782,"date":"2023-10-26T18:30:42","date_gmt":"2023-10-26T18:30:42","guid":{"rendered":"https:\/\/kirchenchor-vorst.de\/?page_id=1782"},"modified":"2024-09-24T12:10:11","modified_gmt":"2024-09-24T12:10:11","slug":"neuigkeiten","status":"publish","type":"page","link":"https:\/\/kirchenchor-vorst.de\/?page_id=1782","title":{"rendered":"Neuigkeiten"},"content":{"rendered":"\t\t<div data-elementor-type=\"wp-page\" data-elementor-id=\"1782\" class=\"elementor elementor-1782\">\n\t\t\t\t<div class=\"elementor-element elementor-element-97f197c e-flex e-con-boxed e-con e-parent\" data-id=\"97f197c\" data-element_type=\"container\">\n\t\t\t\t\t<div class=\"e-con-inner\">\n\t\t\t\t<div class=\"elementor-element elementor-element-7c8f706 elementor-widget-divider--view-line elementor-widget elementor-widget-divider\" data-id=\"7c8f706\" data-element_type=\"widget\" data-widget_type=\"divider.default\">\n\t\t\t\t<div class=\"elementor-widget-container\">\n\t\t\t\t\t\t\t<div class=\"elementor-divider\">\n\t\t\t<span class=\"elementor-divider-separator\">\n\t\t\t\t\t\t<\/span>\n\t\t<\/div>\n\t\t\t\t\t\t<\/div>\n\t\t\t\t<\/div>\n\t\t\t\t\t<\/div>\n\t\t\t\t<\/div>\n\t\t<div class=\"elementor-element elementor-element-5040060 e-flex e-con-boxed e-con e-parent\" data-id=\"5040060\" data-element_type=\"container\">\n\t\t\t\t\t<div class=\"e-con-inner\">\n\t\t<div class=\"elementor-element elementor-element-f19f81b e-con-full e-flex e-con e-child\" data-id=\"f19f81b\" data-element_type=\"container\">\n\t\t\t\t<div class=\"elementor-element elementor-element-be80d7d elementor-widget__width-initial elementor-widget elementor-widget-image\" data-id=\"be80d7d\" data-element_type=\"widget\" data-widget_type=\"image.default\">\n\t\t\t\t<div class=\"elementor-widget-container\">\n\t\t\t\t\t\t\t\t\t\t\t\t<figure class=\"wp-caption\">\n\t\t\t\t\t\t\t\t\t\t<img fetchpriority=\"high\" decoding=\"async\" width=\"640\" height=\"823\" src=\"https:\/\/kirchenchor-vorst.de\/wp-content\/uploads\/2024\/08\/Einladung-2024-796x1024.jpg\" class=\"attachment-large size-large wp-image-2293\" alt=\"\" srcset=\"https:\/\/kirchenchor-vorst.de\/wp-content\/uploads\/2024\/08\/Einladung-2024-796x1024.jpg 796w, https:\/\/kirchenchor-vorst.de\/wp-content\/uploads\/2024\/08\/Einladung-2024-233x300.jpg 233w, https:\/\/kirchenchor-vorst.de\/wp-content\/uploads\/2024\/08\/Einladung-2024-768x989.jpg 768w, https:\/\/kirchenchor-vorst.de\/wp-content\/uploads\/2024\/08\/Einladung-2024-1193x1536.jpg 1193w, https:\/\/kirchenchor-vorst.de\/wp-content\/uploads\/2024\/08\/Einladung-2024-1591x2048.jpg 1591w, https:\/\/kirchenchor-vorst.de\/wp-content\/uploads\/2024\/08\/Einladung-2024-600x772.jpg 600w, https:\/\/kirchenchor-vorst.de\/wp-content\/uploads\/2024\/08\/Einladung-2024-scaled.jpg 1989w\" sizes=\"(max-width: 640px) 100vw, 640px\" \/>\t\t\t\t\t\t\t\t\t\t\t<figcaption class=\"widget-image-caption wp-caption-text\">Einladung an alle Freunde und F\u00f6rderer des Kirchenchores<\/figcaption>\n\t\t\t\t\t\t\t\t\t\t<\/figure>\n\t\t\t\t\t\t\t\t\t<\/div>\n\t\t\t\t<\/div>\n\t\t\t\t<\/div>\n\t\t<div class=\"elementor-element elementor-element-1c05d17 e-con-full e-flex e-con e-child\" data-id=\"1c05d17\" data-element_type=\"container\">\n\t\t\t\t<div class=\"elementor-element elementor-element-5e264a2 elementor-widget__width-initial elementor-widget elementor-widget-image\" data-id=\"5e264a2\" data-element_type=\"widget\" data-widget_type=\"image.default\">\n\t\t\t\t<div class=\"elementor-widget-container\">\n\t\t\t\t\t\t\t\t\t\t\t\t<figure class=\"wp-caption\">\n\t\t\t\t\t\t\t\t\t\t<img decoding=\"async\" width=\"640\" height=\"715\" src=\"https:\/\/kirchenchor-vorst.de\/wp-content\/uploads\/2024\/09\/NGZ-24.09.24-916x1024.jpg\" class=\"attachment-large size-large wp-image-2325\" alt=\"\" srcset=\"https:\/\/kirchenchor-vorst.de\/wp-content\/uploads\/2024\/09\/NGZ-24.09.24-916x1024.jpg 916w, https:\/\/kirchenchor-vorst.de\/wp-content\/uploads\/2024\/09\/NGZ-24.09.24-268x300.jpg 268w, https:\/\/kirchenchor-vorst.de\/wp-content\/uploads\/2024\/09\/NGZ-24.09.24-768x859.jpg 768w, https:\/\/kirchenchor-vorst.de\/wp-content\/uploads\/2024\/09\/NGZ-24.09.24-1373x1536.jpg 1373w, https:\/\/kirchenchor-vorst.de\/wp-content\/uploads\/2024\/09\/NGZ-24.09.24-1831x2048.jpg 1831w, https:\/\/kirchenchor-vorst.de\/wp-content\/uploads\/2024\/09\/NGZ-24.09.24-600x671.jpg 600w, https:\/\/kirchenchor-vorst.de\/wp-content\/uploads\/2024\/09\/NGZ-24.09.24.jpg 1992w\" sizes=\"(max-width: 640px) 100vw, 640px\" \/>\t\t\t\t\t\t\t\t\t\t\t<figcaption class=\"widget-image-caption wp-caption-text\">Pressebericht der NGZ am 24.09.2024<\/figcaption>\n\t\t\t\t\t\t\t\t\t\t<\/figure>\n\t\t\t\t\t\t\t\t\t<\/div>\n\t\t\t\t<\/div>\n\t\t\t\t<\/div>\n\t\t\t\t\t<\/div>\n\t\t\t\t<\/div>\n\t\t<div class=\"elementor-element elementor-element-8a3aae1 e-flex e-con-boxed e-con e-parent\" data-id=\"8a3aae1\" data-element_type=\"container\">\n\t\t\t\t\t<div class=\"e-con-inner\">\n\t\t\t\t<div class=\"elementor-element elementor-element-b6fab61 elementor-widget-divider--view-line elementor-widget elementor-widget-divider\" data-id=\"b6fab61\" data-element_type=\"widget\" data-widget_type=\"divider.default\">\n\t\t\t\t<div class=\"elementor-widget-container\">\n\t\t\t\t\t\t\t<div class=\"elementor-divider\">\n\t\t\t<span class=\"elementor-divider-separator\">\n\t\t\t\t\t\t<\/span>\n\t\t<\/div>\n\t\t\t\t\t\t<\/div>\n\t\t\t\t<\/div>\n\t\t\t\t\t<\/div>\n\t\t\t\t<\/div>\n\t\t<div class=\"elementor-element elementor-element-ea692a2 e-flex e-con-boxed e-con e-parent\" data-id=\"ea692a2\" data-element_type=\"container\">\n\t\t\t\t\t<div class=\"e-con-inner\">\n\t\t\t\t<div class=\"elementor-element elementor-element-b50dc28 elementor-widget elementor-widget-image\" data-id=\"b50dc28\" data-element_type=\"widget\" data-widget_type=\"image.default\">\n\t\t\t\t<div class=\"elementor-widget-container\">\n\t\t\t\t\t\t\t\t\t\t\t\t<figure class=\"wp-caption\">\n\t\t\t\t\t\t\t\t\t\t<img decoding=\"async\" width=\"207\" height=\"300\" src=\"https:\/\/kirchenchor-vorst.de\/wp-content\/uploads\/2024\/01\/2024-Karaoke-207x300.jpg\" class=\"attachment-medium size-medium wp-image-2094\" alt=\"\" srcset=\"https:\/\/kirchenchor-vorst.de\/wp-content\/uploads\/2024\/01\/2024-Karaoke-207x300.jpg 207w, https:\/\/kirchenchor-vorst.de\/wp-content\/uploads\/2024\/01\/2024-Karaoke-705x1024.jpg 705w, https:\/\/kirchenchor-vorst.de\/wp-content\/uploads\/2024\/01\/2024-Karaoke-600x871.jpg 600w, https:\/\/kirchenchor-vorst.de\/wp-content\/uploads\/2024\/01\/2024-Karaoke.jpg 750w\" sizes=\"(max-width: 207px) 100vw, 207px\" \/>\t\t\t\t\t\t\t\t\t\t\t<figcaption class=\"widget-image-caption wp-caption-text\">Die Veranstaltung war ein \"voller\" Erfolg und mt 286 Besuchern total ausverkauft!<\/figcaption>\n\t\t\t\t\t\t\t\t\t\t<\/figure>\n\t\t\t\t\t\t\t\t\t<\/div>\n\t\t\t\t<\/div>\n\t\t\t\t\t<\/div>\n\t\t\t\t<\/div>\n\t\t<div class=\"elementor-element elementor-element-b7195dc e-flex e-con-boxed e-con e-parent\" data-id=\"b7195dc\" data-element_type=\"container\">\n\t\t\t\t\t<div class=\"e-con-inner\">\n\t\t\t\t<div class=\"elementor-element elementor-element-b09429e elementor-widget-divider--view-line elementor-widget elementor-widget-divider\" data-id=\"b09429e\" data-element_type=\"widget\" data-widget_type=\"divider.default\">\n\t\t\t\t<div class=\"elementor-widget-container\">\n\t\t\t\t\t\t\t<div class=\"elementor-divider\">\n\t\t\t<span class=\"elementor-divider-separator\">\n\t\t\t\t\t\t<\/span>\n\t\t<\/div>\n\t\t\t\t\t\t<\/div>\n\t\t\t\t<\/div>\n\t\t\t\t\t<\/div>\n\t\t\t\t<\/div>\n\t\t<div class=\"elementor-element elementor-element-8b8b6d0 e-flex e-con-boxed e-con e-parent\" data-id=\"8b8b6d0\" data-element_type=\"container\">\n\t\t\t\t\t<div class=\"e-con-inner\">\n\t\t\t\t<div class=\"elementor-element elementor-element-aafa235 elementor-widget elementor-widget-text-editor\" data-id=\"aafa235\" data-element_type=\"widget\" data-widget_type=\"text-editor.default\">\n\t\t\t\t<div class=\"elementor-widget-container\">\n\t\t\t\t\t\t\t\t\t<h5 style=\"text-align: center;\">Die w\u00f6chentlichen Chorproben wurden ab dem\u00a0<br \/><span style=\"color: #ff0000;\">15. Januar 2024<\/span><br \/>von bisher donnerstags auf den\u00a0<span style=\"color: #ff0000;\">Montag<\/span>\u00a0verlegt<\/h5>\t\t\t\t\t\t\t\t<\/div>\n\t\t\t\t<\/div>\n\t\t\t\t\t<\/div>\n\t\t\t\t<\/div>\n\t\t<div class=\"elementor-element elementor-element-dce34ad e-flex e-con-boxed e-con e-parent\" data-id=\"dce34ad\" data-element_type=\"container\">\n\t\t\t\t\t<div class=\"e-con-inner\">\n\t\t\t\t<div class=\"elementor-element elementor-element-040de55 elementor-widget-divider--view-line elementor-widget elementor-widget-divider\" data-id=\"040de55\" data-element_type=\"widget\" data-widget_type=\"divider.default\">\n\t\t\t\t<div class=\"elementor-widget-container\">\n\t\t\t\t\t\t\t<div class=\"elementor-divider\">\n\t\t\t<span class=\"elementor-divider-separator\">\n\t\t\t\t\t\t<\/span>\n\t\t<\/div>\n\t\t\t\t\t\t<\/div>\n\t\t\t\t<\/div>\n\t\t\t\t\t<\/div>\n\t\t\t\t<\/div>\n\t\t<div class=\"elementor-element elementor-element-8f7140b e-flex e-con-boxed e-con e-parent\" data-id=\"8f7140b\" data-element_type=\"container\">\n\t\t\t\t\t<div class=\"e-con-inner\">\n\t\t\t\t<div class=\"elementor-element elementor-element-3f51331 elementor-widget elementor-widget-text-editor\" data-id=\"3f51331\" data-element_type=\"widget\" data-widget_type=\"text-editor.default\">\n\t\t\t\t<div class=\"elementor-widget-container\">\n\t\t\t\t\t\t\t\t\t<h4 style=\"text-align: center;\">Seit September 2023 haben wir einen neuen Chorleiter:<\/h4><h2 style=\"text-align: center;\"><span style=\"color: #ff0000;\">Wolfgang Pelzer<\/span><\/h2><p style=\"text-align: center;\">Er leitet auch den Kirchenchor in Holzb\u00fcttgen.<\/p>\t\t\t\t\t\t\t\t<\/div>\n\t\t\t\t<\/div>\n\t\t\t\t\t<\/div>\n\t\t\t\t<\/div>\n\t\t<div class=\"elementor-element elementor-element-23a55e1 e-flex e-con-boxed e-con e-parent\" data-id=\"23a55e1\" data-element_type=\"container\">\n\t\t\t\t\t<div class=\"e-con-inner\">\n\t\t\t\t<div class=\"elementor-element elementor-element-c59eafe elementor-widget-divider--view-line elementor-widget elementor-widget-divider\" data-id=\"c59eafe\" data-element_type=\"widget\" data-widget_type=\"divider.default\">\n\t\t\t\t<div class=\"elementor-widget-container\">\n\t\t\t\t\t\t\t<div class=\"elementor-divider\">\n\t\t\t<span class=\"elementor-divider-separator\">\n\t\t\t\t\t\t<\/span>\n\t\t<\/div>\n\t\t\t\t\t\t<\/div>\n\t\t\t\t<\/div>\n\t\t\t\t\t<\/div>\n\t\t\t\t<\/div>\n\t\t<div class=\"elementor-element elementor-element-998aea7 e-con-full e-flex e-con e-parent\" data-id=\"998aea7\" data-element_type=\"container\">\n\t\t\t\t<div class=\"elementor-element elementor-element-1e882e2 elementor-widget__width-initial elementor-widget elementor-widget-image\" data-id=\"1e882e2\" data-element_type=\"widget\" data-widget_type=\"image.default\">\n\t\t\t\t<div class=\"elementor-widget-container\">\n\t\t\t\t\t\t\t\t\t\t\t\t\t\t\t<img loading=\"lazy\" decoding=\"async\" width=\"300\" height=\"225\" src=\"https:\/\/kirchenchor-vorst.de\/wp-content\/uploads\/2023\/10\/IMG_1671-300x225.jpg\" class=\"attachment-medium size-medium wp-image-1145\" alt=\"\" srcset=\"https:\/\/kirchenchor-vorst.de\/wp-content\/uploads\/2023\/10\/IMG_1671-300x225.jpg 300w, https:\/\/kirchenchor-vorst.de\/wp-content\/uploads\/2023\/10\/IMG_1671-1024x768.jpg 1024w, https:\/\/kirchenchor-vorst.de\/wp-content\/uploads\/2023\/10\/IMG_1671-768x576.jpg 768w, https:\/\/kirchenchor-vorst.de\/wp-content\/uploads\/2023\/10\/IMG_1671-1536x1152.jpg 1536w, https:\/\/kirchenchor-vorst.de\/wp-content\/uploads\/2023\/10\/IMG_1671-600x450.jpg 600w, https:\/\/kirchenchor-vorst.de\/wp-content\/uploads\/2023\/10\/IMG_1671.jpg 1600w\" sizes=\"(max-width: 300px) 100vw, 300px\" \/>\t\t\t\t\t\t\t\t\t\t\t\t\t\t\t<\/div>\n\t\t\t\t<\/div>\n\t\t\t\t<div class=\"elementor-element elementor-element-0b89255 elementor-widget__width-initial elementor-widget elementor-widget-text-editor\" data-id=\"0b89255\" data-element_type=\"widget\" data-widget_type=\"text-editor.default\">\n\t\t\t\t<div class=\"elementor-widget-container\">\n\t\t\t\t\t\t\t\t\t<h5 style=\"text-align: center;\">Am 24. September 2023 machte der Chor anl\u00e4sslich des 150j\u00e4hrigen Jubil\u00e4ums einen Ausflug nach Haltern am See!<\/h5><h5 style=\"text-align: center;\"><a href=\"https:\/\/kirchenchor-vorst.de\/?page_id=1827\" target=\"_blank\" rel=\"noopener\">Jubil\u00e4umsausflug nach Haltern am See<\/a><\/h5>\t\t\t\t\t\t\t\t<\/div>\n\t\t\t\t<\/div>\n\t\t\t\t<\/div>\n\t\t<div class=\"elementor-element elementor-element-f6ec4f5 e-flex e-con-boxed e-con e-parent\" data-id=\"f6ec4f5\" data-element_type=\"container\">\n\t\t\t\t\t<div class=\"e-con-inner\">\n\t\t\t\t<div class=\"elementor-element elementor-element-67a3a48 elementor-widget-divider--view-line elementor-widget elementor-widget-divider\" data-id=\"67a3a48\" data-element_type=\"widget\" data-widget_type=\"divider.default\">\n\t\t\t\t<div class=\"elementor-widget-container\">\n\t\t\t\t\t\t\t<div class=\"elementor-divider\">\n\t\t\t<span class=\"elementor-divider-separator\">\n\t\t\t\t\t\t<\/span>\n\t\t<\/div>\n\t\t\t\t\t\t<\/div>\n\t\t\t\t<\/div>\n\t\t\t\t\t<\/div>\n\t\t\t\t<\/div>\n\t\t\t\t<\/div>\n\t\t","protected":false},"excerpt":{"rendered":"<p>Einladung an alle Freunde und F\u00f6rderer des Kirchenchores Pressebericht der NGZ am 24.09.2024 Die Veranstaltung war ein &#8220;voller&#8221; Erfolg und mt 286 Besuchern total ausverkauft! Die w\u00f6chentlichen Chorproben wurden ab [&hellip;]<\/p>\n","protected":false},"author":1,"featured_media":0,"parent":0,"menu_order":0,"comment_status":"closed","ping_status":"closed","template":"","meta":{"footnotes":""},"_links":{"self":[{"href":"https:\/\/kirchenchor-vorst.de\/index.php?rest_route=\/wp\/v2\/pages\/1782"}],"collection":[{"href":"https:\/\/kirchenchor-vorst.de\/index.php?rest_route=\/wp\/v2\/pages"}],"about":[{"href":"https:\/\/kirchenchor-vorst.de\/index.php?rest_route=\/wp\/v2\/types\/page"}],"author":[{"embeddable":true,"href":"https:\/\/kirchenchor-vorst.de\/index.php?rest_route=\/wp\/v2\/users\/1"}],"replies":[{"embeddable":true,"href":"https:\/\/kirchenchor-vorst.de\/index.php?rest_route=%2Fwp%2Fv2%2Fcomments&post=1782"}],"version-history":[{"count":70,"href":"https:\/\/kirchenchor-vorst.de\/index.php?rest_route=\/wp\/v2\/pages\/1782\/revisions"}],"predecessor-version":[{"id":2328,"href":"https:\/\/kirchenchor-vorst.de\/index.php?rest_route=\/wp\/v2\/pages\/1782\/revisions\/2328"}],"wp:attachment":[{"href":"https:\/\/kirchenchor-vorst.de\/index.php?rest_route=%2Fwp%2Fv2%2Fmedia&parent=1782"}],"curies":[{"name":"wp","href":"https:\/\/api.w.org\/{rel}","templated":true}]}}