{"id":1669,"date":"2023-10-26T10:25:53","date_gmt":"2023-10-26T10:25:53","guid":{"rendered":"https:\/\/kirchenchor-vorst.de\/?page_id=1669"},"modified":"2023-10-26T10:31:48","modified_gmt":"2023-10-26T10:31:48","slug":"unsere-chronik","status":"publish","type":"page","link":"https:\/\/kirchenchor-vorst.de\/?page_id=1669","title":{"rendered":"Unsere Chronik"},"content":{"rendered":"\n<table id=\"tablepress-4\" class=\"tablepress tablepress-id-4\">\n<thead>\n<tr class=\"row-1\">\n\t<th class=\"column-1\"><strong>Jahr<\/strong><\/th><th class=\"column-2\"><strong>Ereignis<\/strong><\/th><td class=\"column-3\"><\/td>\n<\/tr>\n<\/thead>\n<tbody class=\"row-striping row-hover\">\n<tr class=\"row-2\">\n\t<td class=\"column-1\">1873<\/td><td class=\"column-2\">Gr\u00fcndung als \u201eM\u00e4nnergesangverein Eintracht, Wattmannstra\u00dfe\", zum Zweck, die Gottesdienste gesanglich zu gestalten; Ausrichtung von \u201eFamilienabenden\"; Anschaffung einer eigenen Fahne.<\/td><td class=\"column-3\"><\/td>\n<\/tr>\n<tr class=\"row-3\">\n\t<td class=\"column-1\">1892<\/td><td class=\"column-2\">Erste belegte Auff\u00fchrung eines Theaterst\u00fccks \u201eDer Pseudomillion\u00e4r\".<\/td><td class=\"column-3\"><\/td>\n<\/tr>\n<tr class=\"row-4\">\n\t<td class=\"column-1\">1922<\/td><td class=\"column-2\">Gr\u00fcndung eines Grenadierzuges.<\/td><td class=\"column-3\"><\/td>\n<\/tr>\n<tr class=\"row-5\">\n\t<td class=\"column-1\">1923<\/td><td class=\"column-2\">Ausfall des 50-j\u00e4hrigen Stiftungsfestes wegen der durch die Inflation hervorgerufenen Geldnot.<\/td><td class=\"column-3\"><\/td>\n<\/tr>\n<tr class=\"row-6\">\n\t<td class=\"column-1\">1924<\/td><td class=\"column-2\">Angliederung des \u201eJungfrauenchores\", der bisher besondere Gottesdienste gestaltet hatte.<\/td><td class=\"column-3\"><\/td>\n<\/tr>\n<tr class=\"row-7\">\n\t<td class=\"column-1\">1928<\/td><td class=\"column-2\">Feier des 50-j\u00e4hrigen Bestehens wird nachgeholt: Namens\u00e4nderung in \u201eKirchenchor C\u00e4cilia St. Antonius B\u00fcttgen-Vorst\"; Anschluss an den Di\u00f6zesanverband; Anschaffung einer neuen Fahne.<\/td><td class=\"column-3\"><\/td>\n<\/tr>\n<tr class=\"row-8\">\n\t<td class=\"column-1\">1937<\/td><td class=\"column-2\">Verbot der \u00f6ffentlichen Aktivit\u00e4ten, Familienabende, Theaterspiele fallen aus.<\/td><td class=\"column-3\"><\/td>\n<\/tr>\n<tr class=\"row-9\">\n\t<td class=\"column-1\">1939<\/td><td class=\"column-2\">Einstellung der kirchlichen Arbeit des Chores.<\/td><td class=\"column-3\"><\/td>\n<\/tr>\n<tr class=\"row-10\">\n\t<td class=\"column-1\">1945<\/td><td class=\"column-2\">Erste Auff\u00fchrung des Chores nach dem Kriege.<\/td><td class=\"column-3\"><\/td>\n<\/tr>\n<tr class=\"row-11\">\n\t<td class=\"column-1\">1947<\/td><td class=\"column-2\">Gr\u00fcndung einer choreigenen Tanzkapelle, sie bestand bis 1976.<\/td><td class=\"column-3\"><\/td>\n<\/tr>\n<tr class=\"row-12\">\n\t<td class=\"column-1\">1956<\/td><td class=\"column-2\">Silbernes Jubil\u00e4um des Chorleiters A. Wellmann.<\/td><td class=\"column-3\"><\/td>\n<\/tr>\n<tr class=\"row-13\">\n\t<td class=\"column-1\">1957\/58<\/td><td class=\"column-2\">Mitwirkung des Chores bei der Grundsteinlegung und Weihe der Pfarrkirche am Antoniusplatz.<\/td><td class=\"column-3\"><\/td>\n<\/tr>\n<tr class=\"row-14\">\n\t<td class=\"column-1\">1964<\/td><td class=\"column-2\">Neuer Chorleiter Norbert Fromm.<\/td><td class=\"column-3\"><\/td>\n<\/tr>\n<tr class=\"row-15\">\n\t<td class=\"column-1\">1967<\/td><td class=\"column-2\">Mitwirkung des Chores bei der Orgelweihe; erste Karnevalsshow in heutiger Form, Titel: \u201eShanghai-Bar\".<\/td><td class=\"column-3\"><\/td>\n<\/tr>\n<tr class=\"row-16\">\n\t<td class=\"column-1\">1973<\/td><td class=\"column-2\">Feier des 100-j\u00e4hrigen Bestehens; Festwoche vom 20. - 27. Mai.<\/td><td class=\"column-3\"><\/td>\n<\/tr>\n<tr class=\"row-17\">\n\t<td class=\"column-1\">1978<\/td><td class=\"column-2\">Einweihung des Pfarrzentrums; danach der Kost\u00fcmball des Chores \u201eTausend und eine Nacht\" ist die erste \u00f6ffentliche Veranstaltung.<\/td><td class=\"column-3\"><\/td>\n<\/tr>\n<tr class=\"row-18\">\n\t<td class=\"column-1\">1980<\/td><td class=\"column-2\">Erfolgreiches weltliches Konzert mit flotten Melodien aus Operette und Musical.<\/td><td class=\"column-3\"><\/td>\n<\/tr>\n<tr class=\"row-19\">\n\t<td class=\"column-1\">1983<\/td><td class=\"column-2\">Feier des 110-j\u00e4hrigen Bestehens; Wallfahrt der Kaarster Ch\u00f6re nach K\u00f6ln; Liedbeitr\u00e4ge zum Pontifikalamt im Dom .<\/td><td class=\"column-3\"><\/td>\n<\/tr>\n<tr class=\"row-20\">\n\t<td class=\"column-1\">1985<\/td><td class=\"column-2\">Gr\u00fcndung des zweiten Grenadierzuges \u201eKirchenchor St. C\u00e4cilia\".<\/td><td class=\"column-3\"><\/td>\n<\/tr>\n<tr class=\"row-21\">\n\t<td class=\"column-1\">1987<\/td><td class=\"column-2\">Auftritt des Chores bei der Er\u00f6ffnung der BUGA in D\u00fcsseldorf; - weltliches Konzert: \u201eMusik vom Niederrhein\".<\/td><td class=\"column-3\"><\/td>\n<\/tr>\n<tr class=\"row-22\">\n\t<td class=\"column-1\">1989<\/td><td class=\"column-2\">Silbernes Jubil\u00e4um des Chorleiters N. Fromm; - Kontakt zum \u201eEnsemble vocale\" in La Madeleine; Besuch in der franz\u00f6sischen Partnerstadt mit kirchlichem und weltlichem Konzert in der Kirche Saint Vital .<\/td><td class=\"column-3\"><\/td>\n<\/tr>\n<tr class=\"row-23\">\n\t<td class=\"column-1\">1990<\/td><td class=\"column-2\">Auftritt des Chores beim ersten \u201eDorfabend\" in Vorst; - Erstes gro\u00dfes Kirchenkonzert im Herbst.<\/td><td class=\"column-3\"><\/td>\n<\/tr>\n<tr class=\"row-24\">\n\t<td class=\"column-1\">1991<\/td><td class=\"column-2\">Kontakt zum Kirchenchor an St. Antonius in Babelsberg\/Brandenburg; - Chorausflug nach Potsdam und Babelsberg; - Singen der \u201eKl. Orgelsolo-Messe\" von Haydn.<\/td><td class=\"column-3\"><\/td>\n<\/tr>\n<tr class=\"row-25\">\n\t<td class=\"column-1\">1993<\/td><td class=\"column-2\">Zweiter Ausflug nach Potsdam \u00fcber Pfingsten; - Messe von Bruckner in C in Babelsberg, und im Dom des Klosters Lehnin beim Pontifikalamt mit Kardinal Sterzinski.<\/td><td class=\"column-3\"><\/td>\n<\/tr>\n<tr class=\"row-26\">\n\t<td class=\"column-1\">1994<\/td><td class=\"column-2\">Erste Teilnahme des Chores an den \u201eKaarster Musikwochen\", Werke von Mozart<\/td><td class=\"column-3\"><\/td>\n<\/tr>\n<tr class=\"row-27\">\n\t<td class=\"column-1\">1998<\/td><td class=\"column-2\">125-Jahr-Feier; Wallfahrt des Chores nach Rom f\u00fcr eine Woche; Messe im Collegio Teutonico im Vatikan und in S. Maria Maggiore.<\/td><td class=\"column-3\"><\/td>\n<\/tr>\n<tr class=\"row-28\">\n\t<td class=\"column-1\">2001<\/td><td class=\"column-2\">Teilnahme an der Aktion \u201eK\u00fcnstler f\u00fcr den Frieden\" im Kaarster Rathaus am 16.9.<\/td><td class=\"column-3\"><\/td>\n<\/tr>\n<tr class=\"row-29\">\n\t<td class=\"column-1\">2002<\/td><td class=\"column-2\">Kirchenkonzert mit dem \u201eGoldberg-Trio\u201c ; Erw\u00e4hnung des Chores in der Dokumentation \u00fcber die \u201eChormusik im Kreis Neuss\u201c von Prof. C.-W. Hegerfeldt<\/td><td class=\"column-3\"><\/td>\n<\/tr>\n<tr class=\"row-30\">\n\t<td class=\"column-1\">2003<\/td><td class=\"column-2\">Beginn einer ausgezeichneten Zusammenarbeit mit Dr. Mark Koll, dem Leiter der Musikschule Kaarst, Alte Heerstra\u00dfe, beim Karnevalsmusical \u201e\u00d6ditussi \u2013 D\u00e4m Sphinx sinn Dings\"<\/td><td class=\"column-3\"><\/td>\n<\/tr>\n<tr class=\"row-31\">\n\t<td class=\"column-1\">2004<\/td><td class=\"column-2\">Mitwirkung beim Treffen der Kaarster Ch\u00f6re in der Lukaskirche am Lindenplatz; - Beim \u201eGeistlichen Konzert\u201c mit dem Solotrompeter Herrn Vladimir Raskin, und Prof. Paul Heuser, Gratulation an Norbert Fromm f\u00fcr 40 Jahre Dienst als Chorleiter.<\/td><td class=\"column-3\"><\/td>\n<\/tr>\n<tr class=\"row-32\">\n\t<td class=\"column-1\">2005<\/td><td class=\"column-2\">Zu Karneval spielen wir das Musical: \u201eVorst-Side-Story\u201c in Zusammenarbeit mit Mark Koll und seinem Ensemble; R\u00fccktritt von Norbert Fromm als Chorleiter nach \u00fcber 40-j\u00e4hriger Dienstzeit mit der \u201eMissa brevis in C-Dur\u201c von W.A. Mozart, KV 220, zum Hochamt des Osterfestes. Nachfolgerin seit dem 7.4. Mariya Russeva aus Bulgarien. - Auf Grund \u201efreudiger Umst\u00e4nde\" kehrte Mariya Russeva aber schon im Herbst zusammen mit ihrem Mann nach Bulgarien zur\u00fcck. Eine Freundin \u00fcbernahm die Chorleitung: Donka Miteva. Sie kommt ebenfalls aus Bulgarien, unter ihrer Leitung wurde dann auch die Weihnachtsmesse gesungen. Wir sangen die Messe in D-Dur von W.A.Mozart (KV 194) zusammen mit Solisten, Orgel und Orchester.<\/td><td class=\"column-3\"><\/td>\n<\/tr>\n<tr class=\"row-33\">\n\t<td class=\"column-1\">2006<\/td><td class=\"column-2\">Ernennung unseres Pr\u00e4ses Dechant Josef Brans zum \u201eMonsignore\u201c, im Juli begeht er dar\u00fcberhinaus sein 25-j\u00e4hriges Ortsjubil\u00e4um. - Unerwartet verstirbt am 29.07. unser Kassierer Uli Ewert, bis zur Generalversammlung f\u00fchrt die Stellvertreterin Ines Gartmann die Kasse. Rolf Brinkmann \u00fcbernimmt anschlie\u00dfend das Amt. - Mitwirkung beim Adventssingen im Franziskanerkloster in D\u00fcsseldorf, Veranstalter ist der \u201eVokalkreis D\u00fcsseldorf\u201c. - Weihnachten singen wir die \u201eMissa D-Dur\u201c von Antonin Dvorak, mit \u201eCredo\u201c.<\/td><td class=\"column-3\"><\/td>\n<\/tr>\n<tr class=\"row-34\">\n\t<td class=\"column-1\">2007<\/td><td class=\"column-2\">Zu Karneval spielen wir das Musical: \u201eSpiegelaff\u00e4re, Zwerge \u2013 Zank \u2013 Z\u00e4zilia\u201c unter der musikalischen Leitung von Mark Koll. - Unsere Chorleiterin Donka Miteva legt im Juni ihre Diplompr\u00fcfung an der Robert-Schumann-Hochschule in D\u00fcsseldorf erfolgreich ab. Da sie anderenorts eine Besch\u00e4ftigung findet, suchen wir eine neue Chorleitung. Nach l\u00e4ngerem Auswahlverfahren entscheiden wir uns f\u00fcr Iskra Ognyanova, die ebenfalls aus Bulgarien kommt und in D\u00fcsseldorf studiert. Ab 5.7. \u00fcbernimmt sie die Probenarbeit. -  Der diesj\u00e4hrige Chorausflug wird kurzfristig umdisponiert, statt einer Radtour fahren wir nach K\u00f6ln, um das neue \u201eRichter-Fenster\u201c im Dom zu begutachten, das der Kardinal kritisiert hat.Fronleichnam, am 7.7., \u00fcbernimmt die Leitung kurzfristig Norbert Fromm. Ende August singen wir unter seiner Leitung auch die \u201eKleine Orgel-Solo-Messe\u201c (\u201eMissa in B-Dur\u201c) von Joseph Haydn anl\u00e4sslich der Goldhochzeit unseres Ehrenvorsitzenden Josef Rademacher und seiner Frau Gertrud. - Der diesj\u00e4hrige Chorausflug wird kurzfristig umdisponiert, statt einer Radtour fahren wir nach K\u00f6ln, um das neue \u201eRichter-Fenster\u201c im Dom zu begutachten, das der Kardinal kritisiert hat. - Beim Herbst- und Weinfest des B\u00fcttgener Kirchenchores am 13.10. treten wir mitwirkend auf.<\/td><td class=\"column-3\"><\/td>\n<\/tr>\n<tr class=\"row-35\">\n\t<td class=\"column-1\">2008<\/td><td class=\"column-2\">Zu Karneval bringen wir in einer Revue unter dem Titel \u201eVierzig Jahre und kein bisschen leise\u201c ein Potpourri von Liedern aus den Musicals der vergangenen 40 Jahre. - Im Mai nehmen wir aktiv beim 3. Kaarster Chortreffen in der Dreifachturnhalle an der Pestalozzistra\u00dfe teil.<\/td><td class=\"column-3\"><\/td>\n<\/tr>\n<tr class=\"row-36\">\n\t<td class=\"column-1\">2009<\/td><td class=\"column-2\">Zu Karneval spielen wir das Musical\u00a0\u201eHexenkessel \u2013 P\u00e4nz, Penunzen und Piraten\u201c. Am 06.05. verstarb Winfried Behrendt, Vorsitzender von 1974 bis 1986. 06.06. Tagesausflug in die Eifel, Singen in St. Cyriakus, Niedermendig. Nach den Sommerferien Gr\u00fcndung eines Jugendchores. 26.08. Mitwirkung der Kaarster Ch\u00f6re bei der Einsetzung von Msgr. Brans als Pfarrer und seiner Mitarbeiter im Pfarrverband Kaarst.<\/td><td class=\"column-3\"><\/td>\n<\/tr>\n<tr class=\"row-37\">\n\t<td class=\"column-1\">2010<\/td><td class=\"column-2\">21.01. Probe des neuen Kinderchores. Zum ersten Mal \u201eKarnevalsparty mit DJ Maxe\u201c. 19.06. Tagesausflug zur Cl\u00f6rather M\u00fchle; 04.07. Kleine Orgelsolo-Messe mit dem Kirchenchor an St. Dreik\u00f6nige in Neuss. 31.10.2010 gro\u00dfes, gemeinsames Konzert der Kaarster Kirchench\u00f6re in St. Martinus, Kaarst. 18.11. Konzert mit dem Jugendchor.<\/td><td class=\"column-3\"><\/td>\n<\/tr>\n<tr class=\"row-38\">\n\t<td class=\"column-1\">2011<\/td><td class=\"column-2\">Sp\u00e4ter Karnevalstermin: 8. M\u00e4rz letzte Darbietung des Musicals\u00a0\u201eAlice und die Detektive \u2013 Wunderland in Vorster Hand\u201c.\u00a005.06. Singen von Lieds\u00e4tzen bei der Messe in Driesch im Sch\u00fctzenzelt, auf Wunsch des Driescher K\u00f6nigs, da Ministerin aus unserem Chor. 19.07. 30-j\u00e4hriges Ortsjubil\u00e4um und Abschied von Pastor Msgr. Josef Brans, Singen in der Abendmesse.<\/td><td class=\"column-3\"><\/td>\n<\/tr>\n<tr class=\"row-39\">\n\t<td class=\"column-1\">2012<\/td><td class=\"column-2\"><\/td><td class=\"column-3\"><\/td>\n<\/tr>\n<tr class=\"row-40\">\n\t<td class=\"column-1\">2013<\/td><td class=\"column-2\">\u00a0Zu Karneval spielen wir das Musical\u00a0\"Arche Noah - schaffe, schaffe \u00c4rchlein bauen!\"<\/td><td class=\"column-3\"><\/td>\n<\/tr>\n<tr class=\"row-41\">\n\t<td class=\"column-1\">2014<\/td><td class=\"column-2\"><\/td><td class=\"column-3\"><\/td>\n<\/tr>\n<tr class=\"row-42\">\n\t<td class=\"column-1\">2015<\/td><td class=\"column-2\">\u00a0Zu Karneval spielen wir das Musical\u00a0\"Mowgli on Tour - Gerangel im Dschangel\"<\/td><td class=\"column-3\"><\/td>\n<\/tr>\n<tr class=\"row-43\">\n\t<td class=\"column-1\">2016<\/td><td class=\"column-2\">1. Cocktail-Party mit Karaoke im Pfarrzentrum im Rahmen einer \u201eKarnevalsparty mit DJ Maxe\u201c.<\/td><td class=\"column-3\"><\/td>\n<\/tr>\n<tr class=\"row-44\">\n\t<td class=\"column-1\">2017<\/td><td class=\"column-2\">Zu Karneval spielen wir das Musical\u00a0\"Vorsterella - Schwiegertochter gesucht!\"\u00a0- Am 10.03.2018 verstarb unser langj\u00e4hriger Pfarrer Monsignore Josef Brans im Alter von 67 Jahren<\/td><td class=\"column-3\"><\/td>\n<\/tr>\n<tr class=\"row-45\">\n\t<td class=\"column-1\">2018<\/td><td class=\"column-2\">2. Cocktail-Party mit Karaoke im Pfarrzentrum im Rahmen einer \u201eKarnevalsparty mit DJ Maxe\u201c.<\/td><td class=\"column-3\"><\/td>\n<\/tr>\n<tr class=\"row-46\">\n\t<td class=\"column-1\">2019<\/td><td class=\"column-2\">Zu Karneval spielen wir das Musical\u00a0\"M.S. C\u00e4cilia - Das Albtraumschiff\"<\/td><td class=\"column-3\"><\/td>\n<\/tr>\n<tr class=\"row-47\">\n\t<td class=\"column-1\">2020<\/td><td class=\"column-2\">Corona bedingt m\u00fcssen alle Veranstaltungen ausfallen, auch fanden seit dem 12.03.2020 keine Chorproben mehr statt - am 17.11.2020 verstarb unser langj\u00e4hriger Chorleiter Norbert Fromm im Alter von 81 Jahren.<\/td><td class=\"column-3\"><\/td>\n<\/tr>\n<tr class=\"row-48\">\n\t<td class=\"column-1\">2021<\/td><td class=\"column-2\">Am 09.09.2021 fand die erste Chorprobe unter der Leitung der neuen Chorleiterin Elena B\u00e4r statt - zuvor wurde auf der Jahreshauptversammlung am 02.09.2021 Claudia Bousch zur neuen 1. Vorsitzenden gew\u00e4hlt<\/td><td class=\"column-3\"><\/td>\n<\/tr>\n<\/tbody>\n<tfoot>\n<tr class=\"row-49\">\n\t<th class=\"column-1\">2023<\/th><th class=\"column-2\">Gr\u00fcndung eines Vereins und Eintragung in das Vereinsregister beim Amtsgericht Neuss unter der Bezeichnung: \"Kirchenchor St,C\u00e4cilia an St.Antonius Vorst e.V.\"\u00a0\u00a0-  Zu Karneval spielten wir das Musical\u00a0\"Zum weissen R\u00fcssel am Kaarster See\"\u00a0  -Anfang September 2023 konnten wir Herrn Wolfgang Pelzer als neuen Chorleiter gewinnen. - Er leitet auch schon seit vielen Jahren den Kirchenchor in Holzb\u00fcttgen. Der diesj\u00e4hrige Chorausflug anl\u00e4\u00dfliche des 150 j\u00e4hrigen Jubil\u00e4ums f\u00fchrte uns nach Haltern am See.<\/th><td class=\"column-3\"><\/td>\n<\/tr>\n<\/tfoot>\n<\/table>\n<!-- #tablepress-4 from cache -->\n","protected":false},"excerpt":{"rendered":"","protected":false},"author":1,"featured_media":0,"parent":0,"menu_order":0,"comment_status":"closed","ping_status":"closed","template":"","meta":{"footnotes":""},"_links":{"self":[{"href":"https:\/\/kirchenchor-vorst.de\/index.php?rest_route=\/wp\/v2\/pages\/1669"}],"collection":[{"href":"https:\/\/kirchenchor-vorst.de\/index.php?rest_route=\/wp\/v2\/pages"}],"about":[{"href":"https:\/\/kirchenchor-vorst.de\/index.php?rest_route=\/wp\/v2\/types\/page"}],"author":[{"embeddable":true,"href":"https:\/\/kirchenchor-vorst.de\/index.php?rest_route=\/wp\/v2\/users\/1"}],"replies":[{"embeddable":true,"href":"https:\/\/kirchenchor-vorst.de\/index.php?rest_route=%2Fwp%2Fv2%2Fcomments&post=1669"}],"version-history":[{"count":5,"href":"https:\/\/kirchenchor-vorst.de\/index.php?rest_route=\/wp\/v2\/pages\/1669\/revisions"}],"predecessor-version":[{"id":1676,"href":"https:\/\/kirchenchor-vorst.de\/index.php?rest_route=\/wp\/v2\/pages\/1669\/revisions\/1676"}],"wp:attachment":[{"href":"https:\/\/kirchenchor-vorst.de\/index.php?rest_route=%2Fwp%2Fv2%2Fmedia&parent=1669"}],"curies":[{"name":"wp","href":"https:\/\/api.w.org\/{rel}","templated":true}]}}