{"id":1491,"date":"2023-10-17T15:18:27","date_gmt":"2023-10-17T15:18:27","guid":{"rendered":"https:\/\/kirchenchor-vorst.de\/?page_id=1491"},"modified":"2023-10-27T15:53:28","modified_gmt":"2023-10-27T15:53:28","slug":"versanstaltungen-des-kirchenchor-vorst","status":"publish","type":"page","link":"https:\/\/kirchenchor-vorst.de\/?page_id=1491","title":{"rendered":"Konzerte"},"content":{"rendered":"\t\t<div data-elementor-type=\"wp-page\" data-elementor-id=\"1491\" class=\"elementor elementor-1491\">\n\t\t\t\t<div class=\"elementor-element elementor-element-75a7ebce e-flex e-con-boxed e-con e-parent\" data-id=\"75a7ebce\" data-element_type=\"container\">\n\t\t\t\t\t<div class=\"e-con-inner\">\n\t\t\t\t<div class=\"elementor-element elementor-element-4ea1a038 elementor-widget elementor-widget-text-editor\" data-id=\"4ea1a038\" data-element_type=\"widget\" data-widget_type=\"text-editor.default\">\n\t\t\t\t<div class=\"elementor-widget-container\">\n\t\t\t\t\t\t\t\t\t\n<h1 class=\"wp-block-query is-layout-flow wp-block-query-is-layout-flow\" style=\"text-align: center;\"><span style=\"color: #ff0000;\">Einige Veranstaltungen des Kirchenchor-Vorst<\/span><\/h1>\n<hr class=\"wp-block-separator has-css-opacity\" \/>\n<h1 class=\"wp-block-query\" style=\"text-align: center;\"><div class=\"wp-block-post-date\"><time datetime=\"2023-10-17T15:18:27+00:00\">Oktober 17, 2023<\/time><\/div><!-- \/wp:post-template --><\/h1>\n<!-- \/wp:query -->\t\t\t\t\t\t\t\t<\/div>\n\t\t\t\t<\/div>\n\t\t\t\t\t<\/div>\n\t\t\t\t<\/div>\n\t\t<div class=\"elementor-element elementor-element-b37b49c e-flex e-con-boxed e-con e-parent\" data-id=\"b37b49c\" data-element_type=\"container\">\n\t\t\t\t\t<div class=\"e-con-inner\">\n\t\t<div class=\"elementor-element elementor-element-16ec8d2 e-con-full e-flex e-con e-child\" data-id=\"16ec8d2\" data-element_type=\"container\">\n\t\t\t\t<div class=\"elementor-element elementor-element-8530bf5 elementor-widget elementor-widget-image\" data-id=\"8530bf5\" data-element_type=\"widget\" data-widget_type=\"image.default\">\n\t\t\t\t<div class=\"elementor-widget-container\">\n\t\t\t\t\t\t\t\t\t\t\t\t<figure class=\"wp-caption\">\n\t\t\t\t\t\t\t\t\t\t\t<a href=\"https:\/\/kirchenchor-vorst.de\/?page_id=1512\">\n\t\t\t\t\t\t\t<img fetchpriority=\"high\" decoding=\"async\" width=\"300\" height=\"424\" src=\"https:\/\/kirchenchor-vorst.de\/wp-content\/uploads\/2023\/10\/fluechtlingshilfe.jpg\" class=\"attachment-medium_large size-medium_large wp-image-1401\" alt=\"\" srcset=\"https:\/\/kirchenchor-vorst.de\/wp-content\/uploads\/2023\/10\/fluechtlingshilfe.jpg 300w, https:\/\/kirchenchor-vorst.de\/wp-content\/uploads\/2023\/10\/fluechtlingshilfe-212x300.jpg 212w\" sizes=\"(max-width: 300px) 100vw, 300px\" \/>\t\t\t\t\t\t\t\t<\/a>\n\t\t\t\t\t\t\t\t\t\t\t<figcaption class=\"widget-image-caption wp-caption-text\">2015 -  Benefizkonzert f\u00fcr Fl\u00fcchtlinge in Kaarst<\/figcaption>\n\t\t\t\t\t\t\t\t\t\t<\/figure>\n\t\t\t\t\t\t\t\t\t<\/div>\n\t\t\t\t<\/div>\n\t\t\t\t<\/div>\n\t\t<div class=\"elementor-element elementor-element-f7cd50a e-con-full e-flex e-con e-child\" data-id=\"f7cd50a\" data-element_type=\"container\">\n\t\t\t\t<div class=\"elementor-element elementor-element-396b7d7 elementor-widget elementor-widget-image\" data-id=\"396b7d7\" data-element_type=\"widget\" data-widget_type=\"image.default\">\n\t\t\t\t<div class=\"elementor-widget-container\">\n\t\t\t\t\t\t\t\t\t\t\t\t<figure class=\"wp-caption\">\n\t\t\t\t\t\t\t\t\t\t\t<a href=\"https:\/\/kirchenchor-vorst.de\/?page_id=1524\">\n\t\t\t\t\t\t\t<img decoding=\"async\" width=\"212\" height=\"300\" src=\"https:\/\/kirchenchor-vorst.de\/wp-content\/uploads\/2023\/10\/flyer2015-212x300.jpg\" class=\"attachment-medium size-medium wp-image-1402\" alt=\"\" srcset=\"https:\/\/kirchenchor-vorst.de\/wp-content\/uploads\/2023\/10\/flyer2015-212x300.jpg 212w, https:\/\/kirchenchor-vorst.de\/wp-content\/uploads\/2023\/10\/flyer2015.jpg 599w\" sizes=\"(max-width: 212px) 100vw, 212px\" \/>\t\t\t\t\t\t\t\t<\/a>\n\t\t\t\t\t\t\t\t\t\t\t<figcaption class=\"widget-image-caption wp-caption-text\">2014 - offenes Singen f\u00fcr Jedermann<\/figcaption>\n\t\t\t\t\t\t\t\t\t\t<\/figure>\n\t\t\t\t\t\t\t\t\t<\/div>\n\t\t\t\t<\/div>\n\t\t\t\t<\/div>\n\t\t\t\t\t<\/div>\n\t\t\t\t<\/div>\n\t\t<div class=\"elementor-element elementor-element-c133c7e e-flex e-con-boxed e-con e-parent\" data-id=\"c133c7e\" data-element_type=\"container\">\n\t\t\t\t\t<div class=\"e-con-inner\">\n\t\t<div class=\"elementor-element elementor-element-4c4b931 e-con-full e-flex e-con e-child\" data-id=\"4c4b931\" data-element_type=\"container\">\n\t\t\t\t<div class=\"elementor-element elementor-element-502a1a5 elementor-widget elementor-widget-text-editor\" data-id=\"502a1a5\" data-element_type=\"widget\" data-widget_type=\"text-editor.default\">\n\t\t\t\t<div class=\"elementor-widget-container\">\n\t\t\t\t\t\t\t\t\t<h2 style=\"text-align: center;\"><span style=\"color: #ff0000;\"><em>Jedes Jahr findet eine Weihnachtsfeier in Forma des sog. &#8220;C\u00e4cilienfestes&#8221; statt.<\/em><\/span><\/h2>\n<p>.<\/p>\t\t\t\t\t\t\t\t<\/div>\n\t\t\t\t<\/div>\n\t\t\t\t<\/div>\n\t\t<div class=\"elementor-element elementor-element-90ad9c3 e-con-full e-flex e-con e-child\" data-id=\"90ad9c3\" data-element_type=\"container\">\n\t\t\t\t<div class=\"elementor-element elementor-element-f31c172 elementor-widget elementor-widget-image\" data-id=\"f31c172\" data-element_type=\"widget\" data-widget_type=\"image.default\">\n\t\t\t\t<div class=\"elementor-widget-container\">\n\t\t\t\t\t\t\t\t\t\t\t\t\t\t\t<img decoding=\"async\" width=\"150\" height=\"150\" src=\"https:\/\/kirchenchor-vorst.de\/wp-content\/uploads\/2023\/10\/caecilienabend_13_20151210_1817139458-150x150.jpg\" class=\"attachment-thumbnail size-thumbnail wp-image-1595\" alt=\"\" srcset=\"https:\/\/kirchenchor-vorst.de\/wp-content\/uploads\/2023\/10\/caecilienabend_13_20151210_1817139458-150x150.jpg 150w, https:\/\/kirchenchor-vorst.de\/wp-content\/uploads\/2023\/10\/caecilienabend_13_20151210_1817139458-100x100.jpg 100w\" sizes=\"(max-width: 150px) 100vw, 150px\" \/>\t\t\t\t\t\t\t\t\t\t\t\t\t\t\t<\/div>\n\t\t\t\t<\/div>\n\t\t\t\t<\/div>\n\t\t\t\t\t<\/div>\n\t\t\t\t<\/div>\n\t\t<div class=\"elementor-element elementor-element-4576fdc e-flex e-con-boxed e-con e-parent\" data-id=\"4576fdc\" data-element_type=\"container\">\n\t\t\t\t\t<div class=\"e-con-inner\">\n\t\t<div class=\"elementor-element elementor-element-1e16b01 e-con-full e-flex e-con e-child\" data-id=\"1e16b01\" data-element_type=\"container\">\n\t\t\t\t<div class=\"elementor-element elementor-element-a4c125f elementor-widget elementor-widget-text-editor\" data-id=\"a4c125f\" data-element_type=\"widget\" data-widget_type=\"text-editor.default\">\n\t\t\t\t<div class=\"elementor-widget-container\">\n\t\t\t\t\t\t\t\t\t<h2 style=\"text-align: center;\"><span style=\"color: #ff0000;\"><em>Chorausfl\u00fcge werden auch in regelm\u00e4\u00dfigen Abst\u00e4nden durchgef\u00fchrt.<\/em><\/span><\/h2>\t\t\t\t\t\t\t\t<\/div>\n\t\t\t\t<\/div>\n\t\t\t\t<\/div>\n\t\t<div class=\"elementor-element elementor-element-4289403 e-con-full e-flex e-con e-child\" data-id=\"4289403\" data-element_type=\"container\">\n\t\t\t\t<div class=\"elementor-element elementor-element-f8ff9a3 elementor-widget elementor-widget-image\" data-id=\"f8ff9a3\" data-element_type=\"widget\" data-widget_type=\"image.default\">\n\t\t\t\t<div class=\"elementor-widget-container\">\n\t\t\t\t\t\t\t\t\t\t\t\t\t\t\t<img loading=\"lazy\" decoding=\"async\" width=\"150\" height=\"150\" src=\"https:\/\/kirchenchor-vorst.de\/wp-content\/uploads\/2023\/10\/100_0865-150x150.jpg\" class=\"attachment-thumbnail size-thumbnail wp-image-1597\" alt=\"\" srcset=\"https:\/\/kirchenchor-vorst.de\/wp-content\/uploads\/2023\/10\/100_0865-150x150.jpg 150w, https:\/\/kirchenchor-vorst.de\/wp-content\/uploads\/2023\/10\/100_0865-100x100.jpg 100w\" sizes=\"(max-width: 150px) 100vw, 150px\" \/>\t\t\t\t\t\t\t\t\t\t\t\t\t\t\t<\/div>\n\t\t\t\t<\/div>\n\t\t\t\t<\/div>\n\t\t\t\t\t<\/div>\n\t\t\t\t<\/div>\n\t\t\t\t<\/div>\n\t\t","protected":false},"excerpt":{"rendered":"<p>2015 &#8211; Benefizkonzert f\u00fcr Fl\u00fcchtlinge in Kaarst 2014 &#8211; offenes Singen f\u00fcr Jedermann Jedes Jahr findet eine Weihnachtsfeier in Forma des sog. &#8220;C\u00e4cilienfestes&#8221; statt. . Chorausfl\u00fcge werden auch in regelm\u00e4\u00dfigen [&hellip;]<\/p>\n","protected":false},"author":1,"featured_media":0,"parent":0,"menu_order":0,"comment_status":"closed","ping_status":"closed","template":"","meta":{"footnotes":""},"_links":{"self":[{"href":"https:\/\/kirchenchor-vorst.de\/index.php?rest_route=\/wp\/v2\/pages\/1491"}],"collection":[{"href":"https:\/\/kirchenchor-vorst.de\/index.php?rest_route=\/wp\/v2\/pages"}],"about":[{"href":"https:\/\/kirchenchor-vorst.de\/index.php?rest_route=\/wp\/v2\/types\/page"}],"author":[{"embeddable":true,"href":"https:\/\/kirchenchor-vorst.de\/index.php?rest_route=\/wp\/v2\/users\/1"}],"replies":[{"embeddable":true,"href":"https:\/\/kirchenchor-vorst.de\/index.php?rest_route=%2Fwp%2Fv2%2Fcomments&post=1491"}],"version-history":[{"count":39,"href":"https:\/\/kirchenchor-vorst.de\/index.php?rest_route=\/wp\/v2\/pages\/1491\/revisions"}],"predecessor-version":[{"id":1844,"href":"https:\/\/kirchenchor-vorst.de\/index.php?rest_route=\/wp\/v2\/pages\/1491\/revisions\/1844"}],"wp:attachment":[{"href":"https:\/\/kirchenchor-vorst.de\/index.php?rest_route=%2Fwp%2Fv2%2Fmedia&parent=1491"}],"curies":[{"name":"wp","href":"https:\/\/api.w.org\/{rel}","templated":true}]}}